{"id":7344,"date":"2022-03-09T09:45:51","date_gmt":"2022-03-09T08:45:51","guid":{"rendered":"https:\/\/ifeelonline.com\/fr\/?page_id=7344"},"modified":"2023-08-04T13:15:10","modified_gmt":"2023-08-04T12:15:10","slug":"enquete-sur-le-climat-de-travail","status":"publish","type":"page","link":"https:\/\/ifeelonline.com\/fr\/boite-a-outils-rh\/enquete-sur-le-climat-de-travail\/","title":{"rendered":"Enqu\u00eate sur le climat de travail"},"content":{"rendered":"\t\t<div data-elementor-type=\"wp-page\" data-elementor-id=\"7344\" class=\"elementor elementor-7344\" data-elementor-post-type=\"page\">\n\t\t\t\t\t\t<section data-particle_enable=\"false\" data-particle-mobile-disabled=\"false\" class=\"elementor-section elementor-top-section elementor-element elementor-element-638c615a elementor-section-boxed elementor-section-height-default elementor-section-height-default\" data-id=\"638c615a\" data-element_type=\"section\" data-e-type=\"section\" data-settings=\"{&quot;background_background&quot;:&quot;classic&quot;}\">\n\t\t\t\t\t\t<div class=\"elementor-container elementor-column-gap-custom\">\n\t\t\t\t\t<div class=\"elementor-column elementor-col-50 elementor-top-column elementor-element elementor-element-2a204963\" data-id=\"2a204963\" data-element_type=\"column\" data-e-type=\"column\">\n\t\t\t<div class=\"elementor-widget-wrap elementor-element-populated\">\n\t\t\t\t\t\t<div class=\"elementor-element elementor-element-a4e59ba elementor-widget elementor-widget-heading\" data-id=\"a4e59ba\" data-element_type=\"widget\" data-e-type=\"widget\" data-widget_type=\"heading.default\">\n\t\t\t\t<div class=\"elementor-widget-container\">\n\t\t\t\t\t<h1 class=\"elementor-heading-title elementor-size-default\">T\u00e9l\u00e9chargez notre enqu\u00eate sur le climat de travail\n<\/h1>\t\t\t\t<\/div>\n\t\t\t\t<\/div>\n\t\t\t\t<div class=\"elementor-element elementor-element-4941713b elementor-widget elementor-widget-heading\" data-id=\"4941713b\" data-element_type=\"widget\" data-e-type=\"widget\" data-widget_type=\"heading.default\">\n\t\t\t\t<div class=\"elementor-widget-container\">\n\t\t\t\t\t<h5 class=\"elementor-heading-title elementor-size-default\">AM\u00c9LIOREZ D\u00c8S MAINTENANT LE CLIMAT DE TRAVAIL DE VOTRE ENTREPRISE !<\/h5>\t\t\t\t<\/div>\n\t\t\t\t<\/div>\n\t\t\t\t<div class=\"elementor-element elementor-element-6069e62e elementor-widget elementor-widget-text-editor\" data-id=\"6069e62e\" data-element_type=\"widget\" data-e-type=\"widget\" data-widget_type=\"text-editor.default\">\n\t\t\t\t<div class=\"elementor-widget-container\">\n\t\t\t\t\t\t\t\t\t<p><span style=\"font-weight: 400;\">L\u2019\u00e9quipe de <strong>psychologues<\/strong> sp\u00e9cialis\u00e9s dans <\/span><span style=\"font-weight: 400;\">le bien-\u00eatre mental <\/span><span style=\"font-weight: 400;\">au travail d\u2019ifeel a cr\u00e9\u00e9 cette enqu\u00eate de mesure du climat de travail que vous pouvez t\u00e9l\u00e9charger gratuitement.<\/span><\/p>\t\t\t\t\t\t\t\t<\/div>\n\t\t\t\t<\/div>\n\t\t\t\t\t<\/div>\n\t\t<\/div>\n\t\t\t\t<div class=\"elementor-column elementor-col-50 elementor-top-column elementor-element elementor-element-26d6b30d\" data-id=\"26d6b30d\" data-element_type=\"column\" data-e-type=\"column\" data-settings=\"{&quot;background_background&quot;:&quot;classic&quot;}\">\n\t\t\t<div class=\"elementor-widget-wrap elementor-element-populated\">\n\t\t\t\t\t\t<section data-particle_enable=\"false\" data-particle-mobile-disabled=\"false\" class=\"elementor-section elementor-inner-section elementor-element elementor-element-a6e9e05 elementor-section-boxed elementor-section-height-default elementor-section-height-default\" data-id=\"a6e9e05\" data-element_type=\"section\" data-e-type=\"section\">\n\t\t\t\t\t\t<div class=\"elementor-container elementor-column-gap-default\">\n\t\t\t\t\t<div class=\"elementor-column elementor-col-100 elementor-inner-column elementor-element elementor-element-2abb63b3\" data-id=\"2abb63b3\" data-element_type=\"column\" data-e-type=\"column\" data-settings=\"{&quot;background_background&quot;:&quot;classic&quot;}\">\n\t\t\t<div class=\"elementor-widget-wrap elementor-element-populated\">\n\t\t\t\t\t\t<div class=\"elementor-element elementor-element-342c9e2c elementor-widget elementor-widget-html\" data-id=\"342c9e2c\" data-element_type=\"widget\" data-e-type=\"widget\" id=\"form\" data-widget_type=\"html.default\">\n\t\t\t\t<div class=\"elementor-widget-container\">\n\t\t\t\t\t<!--[if lte IE 8]>\r\n<script charset=\"utf-8\" type=\"text\/javascript\" src=\"\/\/js-eu1.hsforms.net\/forms\/v2-legacy.js\"><\/script>\r\n<![endif]-->\r\n<script charset=\"utf-8\" type=\"text\/javascript\" src=\"\/\/js-eu1.hsforms.net\/forms\/v2.js\"><\/script>\r\n<script>\r\n  hbspt.forms.create({\r\n\tregion: \"eu1\",\r\n\tportalId: \"24884594\",\r\n\tformId: \"e8680f4a-2d61-4353-b8f9-a5403e7ae1a6\"\r\n});\r\n<\/script>\t\t\t\t<\/div>\n\t\t\t\t<\/div>\n\t\t\t\t\t<\/div>\n\t\t<\/div>\n\t\t\t\t\t<\/div>\n\t\t<\/section>\n\t\t\t\t\t<\/div>\n\t\t<\/div>\n\t\t\t\t\t<\/div>\n\t\t<\/section>\n\t\t\t\t<section data-particle_enable=\"false\" data-particle-mobile-disabled=\"false\" class=\"elementor-section elementor-top-section elementor-element elementor-element-67217428 elementor-section-boxed elementor-section-height-default elementor-section-height-default\" data-id=\"67217428\" data-element_type=\"section\" data-e-type=\"section\" data-settings=\"{&quot;background_background&quot;:&quot;classic&quot;}\">\n\t\t\t\t\t\t<div class=\"elementor-container elementor-column-gap-custom\">\n\t\t\t\t\t<div class=\"elementor-column elementor-col-50 elementor-top-column elementor-element elementor-element-7bd1e7a\" data-id=\"7bd1e7a\" data-element_type=\"column\" data-e-type=\"column\">\n\t\t\t<div class=\"elementor-widget-wrap elementor-element-populated\">\n\t\t\t\t\t\t<div class=\"elementor-element elementor-element-2c1974b2 elementor-widget elementor-widget-image\" data-id=\"2c1974b2\" data-element_type=\"widget\" data-e-type=\"widget\" data-widget_type=\"image.default\">\n\t\t\t\t<div class=\"elementor-widget-container\">\n\t\t\t\t\t\t\t\t\t\t\t\t\t\t\t<img fetchpriority=\"high\" decoding=\"async\" width=\"475\" height=\"500\" src=\"https:\/\/ifeelonline.com\/fr\/wp-content\/uploads\/sites\/3\/2022\/03\/A4-16-1.jpg\" class=\"attachment-large size-large wp-image-7348\" alt=\"\" srcset=\"https:\/\/ifeelonline.com\/fr\/wp-content\/uploads\/sites\/3\/2022\/03\/A4-16-1.jpg 475w, https:\/\/ifeelonline.com\/fr\/wp-content\/uploads\/sites\/3\/2022\/03\/A4-16-1-285x300.jpg 285w\" sizes=\"(max-width: 475px) 100vw, 475px\" \/>\t\t\t\t\t\t\t\t\t\t\t\t\t\t\t<\/div>\n\t\t\t\t<\/div>\n\t\t\t\t\t<\/div>\n\t\t<\/div>\n\t\t\t\t<div class=\"elementor-column elementor-col-50 elementor-top-column elementor-element elementor-element-785057fe\" data-id=\"785057fe\" data-element_type=\"column\" data-e-type=\"column\" data-settings=\"{&quot;background_background&quot;:&quot;classic&quot;}\">\n\t\t\t<div class=\"elementor-widget-wrap elementor-element-populated\">\n\t\t\t\t\t\t<div class=\"elementor-element elementor-element-7b810966 elementor-widget elementor-widget-heading\" data-id=\"7b810966\" data-element_type=\"widget\" data-e-type=\"widget\" data-widget_type=\"heading.default\">\n\t\t\t\t<div class=\"elementor-widget-container\">\n\t\t\t\t\t<h3 class=\"elementor-heading-title elementor-size-xl\">Am\u00e9liorer l'environnement de travail de votre organisation\n<\/h3>\t\t\t\t<\/div>\n\t\t\t\t<\/div>\n\t\t\t\t<div class=\"elementor-element elementor-element-4d6f3477 elementor-widget elementor-widget-text-editor\" data-id=\"4d6f3477\" data-element_type=\"widget\" data-e-type=\"widget\" data-widget_type=\"text-editor.default\">\n\t\t\t\t<div class=\"elementor-widget-container\">\n\t\t\t\t\t\t\t\t\t<p>Un\u00a0<b data-stringify-type=\"bold\">environnement de travail positif<\/b>\u00a0am\u00e9liore l&rsquo;exp\u00e9rience collaborateur, accro\u00eet leur engagement et attire les talents. Tout cela augmente\u00a0<b data-stringify-type=\"bold\">la productivit\u00e9\u00a0<\/b>et r\u00e9duit l&rsquo;absent\u00e9isme au travail.<\/p><p>\u00a0<\/p><p><span style=\"font-weight: 400;\">Voulez-vous savoir quelle est la situation r\u00e9elle dans votre entreprise ? Notre \u00e9quipe de psychologues ifeel, sp\u00e9cialis\u00e9s dans <\/span><span style=\"font-weight: 400;\">le bien-\u00eatre psychologique au<\/span><span style=\"font-weight: 400;\"> travail, a cr\u00e9\u00e9 cette enqu\u00eate pour \u00e9valuer l\u2019environnement de travail dans votre entreprise.<\/span><\/p><p>\u00a0<\/p><p>Remplissez le formulaire suivant et vous pourrez acc\u00e9der \u00e0 ce contenu\u00a0<b data-stringify-type=\"bold\">gratuitement<\/b>\u00a0dans un format efficace et simple \u00e0\u00a0<b data-stringify-type=\"bold\">partager avec votre \u00e9quipe<\/b>.<\/p>\t\t\t\t\t\t\t\t<\/div>\n\t\t\t\t<\/div>\n\t\t\t\t<div class=\"elementor-element elementor-element-5cecbc71 elementor-mobile-align-center elementor-widget elementor-widget-button\" data-id=\"5cecbc71\" data-element_type=\"widget\" data-e-type=\"widget\" data-widget_type=\"button.default\">\n\t\t\t\t<div class=\"elementor-widget-container\">\n\t\t\t\t\t\t\t\t\t<div class=\"elementor-button-wrapper\">\n\t\t\t\t\t<a class=\"elementor-button elementor-button-link elementor-size-xl\" href=\"#form\" target=\"_blank\" download=\"\">\n\t\t\t\t\t\t<span class=\"elementor-button-content-wrapper\">\n\t\t\t\t\t\t\t\t\t<span class=\"elementor-button-text\">T\u00e9l\u00e9charger <\/span>\n\t\t\t\t\t<\/span>\n\t\t\t\t\t<\/a>\n\t\t\t\t<\/div>\n\t\t\t\t\t\t\t\t<\/div>\n\t\t\t\t<\/div>\n\t\t\t\t\t<\/div>\n\t\t<\/div>\n\t\t\t\t\t<\/div>\n\t\t<\/section>\n\t\t\t\t<\/div>\n\t\t\n    <div class=\"xs_social_share_widget xs_share_url after_content \t\tmain_content  wslu-style-1 wslu-share-box-shaped wslu-fill-colored wslu-none wslu-share-horizontal wslu-theme-font-no wslu-main_content\">\n\n\t\t\n        <ul>\n\t\t\t        <\/ul>\n    <\/div> \n","protected":false},"excerpt":{"rendered":"<p>T\u00e9l\u00e9chargez notre enqu\u00eate sur le climat de travail AM\u00c9LIOREZ D\u00c8S MAINTENANT LE CLIMAT DE TRAVAIL DE VOTRE ENTREPRISE ! L\u2019\u00e9quipe de psychologues sp\u00e9cialis\u00e9s dans le bien-\u00eatre mental au travail d\u2019ifeel a cr\u00e9\u00e9 cette enqu\u00eate de mesure du climat de travail que vous pouvez t\u00e9l\u00e9charger gratuitement. Am\u00e9liorer l&rsquo;environnement de travail de votre organisation Un\u00a0environnement de travail [&hellip;]<\/p>\n","protected":false},"author":48,"featured_media":8442,"parent":7514,"menu_order":0,"comment_status":"closed","ping_status":"closed","template":"","meta":{"content-type":"","postBodyCss":"","postBodyMargin":[],"postBodyPadding":[],"postBodyBackground":{"backgroundType":"classic","gradient":""},"footnotes":""},"class_list":["post-7344","page","type-page","status-publish","has-post-thumbnail","hentry"],"_links":{"self":[{"href":"https:\/\/ifeelonline.com\/fr\/wp-json\/wp\/v2\/pages\/7344","targetHints":{"allow":["GET"]}}],"collection":[{"href":"https:\/\/ifeelonline.com\/fr\/wp-json\/wp\/v2\/pages"}],"about":[{"href":"https:\/\/ifeelonline.com\/fr\/wp-json\/wp\/v2\/types\/page"}],"author":[{"embeddable":true,"href":"https:\/\/ifeelonline.com\/fr\/wp-json\/wp\/v2\/users\/48"}],"replies":[{"embeddable":true,"href":"https:\/\/ifeelonline.com\/fr\/wp-json\/wp\/v2\/comments?post=7344"}],"version-history":[{"count":0,"href":"https:\/\/ifeelonline.com\/fr\/wp-json\/wp\/v2\/pages\/7344\/revisions"}],"up":[{"embeddable":true,"href":"https:\/\/ifeelonline.com\/fr\/wp-json\/wp\/v2\/pages\/7514"}],"wp:featuredmedia":[{"embeddable":true,"href":"https:\/\/ifeelonline.com\/fr\/wp-json\/wp\/v2\/media\/8442"}],"wp:attachment":[{"href":"https:\/\/ifeelonline.com\/fr\/wp-json\/wp\/v2\/media?parent=7344"}],"curies":[{"name":"wp","href":"https:\/\/api.w.org\/{rel}","templated":true}]}}