{"id":503,"date":"2021-12-13T12:18:11","date_gmt":"2021-12-13T11:18:11","guid":{"rendered":"https:\/\/ifeelonline.com\/fr\/politique-de-confidentialite-2\/"},"modified":"2025-02-03T17:15:59","modified_gmt":"2025-02-03T16:15:59","slug":"politique-de-confidentialite-2","status":"publish","type":"page","link":"https:\/\/ifeelonline.com\/fr\/politique-de-confidentialite-2\/","title":{"rendered":"Politique de confidentialit\u00e9"},"content":{"rendered":"\t\t<div data-elementor-type=\"wp-page\" data-elementor-id=\"503\" class=\"elementor elementor-503\" data-elementor-post-type=\"page\">\n\t\t\t\t\t\t<section data-particle_enable=\"false\" data-particle-mobile-disabled=\"false\" class=\"elementor-section elementor-top-section elementor-element elementor-element-73e59f5e elementor-section-boxed elementor-section-height-default elementor-section-height-default\" data-id=\"73e59f5e\" data-element_type=\"section\" data-e-type=\"section\">\n\t\t\t\t\t\t<div class=\"elementor-container elementor-column-gap-default\">\n\t\t\t\t\t<div class=\"elementor-column elementor-col-100 elementor-top-column elementor-element elementor-element-4968973d\" data-id=\"4968973d\" data-element_type=\"column\" data-e-type=\"column\">\n\t\t\t<div class=\"elementor-widget-wrap elementor-element-populated\">\n\t\t\t\t\t\t<div class=\"elementor-element elementor-element-13faa9a elementor-widget elementor-widget-heading\" data-id=\"13faa9a\" data-element_type=\"widget\" data-e-type=\"widget\" data-widget_type=\"heading.default\">\n\t\t\t\t<div class=\"elementor-widget-container\">\n\t\t\t\t\t<h2 class=\"elementor-heading-title elementor-size-default\">Politique de confidentialit\u00e9<\/h2>\t\t\t\t<\/div>\n\t\t\t\t<\/div>\n\t\t\t\t<div class=\"elementor-element elementor-element-5415061 elementor-widget elementor-widget-text-editor\" data-id=\"5415061\" data-element_type=\"widget\" data-e-type=\"widget\" data-widget_type=\"text-editor.default\">\n\t\t\t\t<div class=\"elementor-widget-container\">\n\t\t\t\t\t\t\t\t\t<header><p><span dir=\"ltr\" role=\"presentation\">Cette Politique de Confidentialit\u00e9 d\u00e9crit la mani\u00e8re dont vos donn\u00e9es <\/span><span dir=\"ltr\" role=\"presentation\">personnelles peuvent \u00eatre collect\u00e9es, utilis\u00e9es et divulgu\u00e9es par Digital Mind <\/span><span dir=\"ltr\" role=\"presentation\">Solutions, S.L. (ci-apr\u00e8s \u00ab<\/span><span dir=\"ltr\" role=\"presentation\">\u00a0<\/span><span dir=\"ltr\" role=\"presentation\">Ifeel<\/span><span dir=\"ltr\" role=\"presentation\">\u00a0<\/span><span dir=\"ltr\" role=\"presentation\">\u00bb) et comment vous pouvez y acc\u00e9der. <\/span><span dir=\"ltr\" role=\"presentation\">Veuillez la lire attentivement. <\/span><span dir=\"ltr\" role=\"presentation\">Chez Ifeel, nous nous engageons \u00e0 prot\u00e9ger et \u00e0 respecter votre vie priv\u00e9e. <\/span><span dir=\"ltr\" role=\"presentation\">Ifeel exerce ses activit\u00e9s conform\u00e9ment au R\u00e8glement G\u00e9n\u00e9ral sur la <\/span><span dir=\"ltr\" role=\"presentation\">Protection des Donn\u00e9es (UE) 2016\/679 (\u00ab<\/span><span dir=\"ltr\" role=\"presentation\">\u00a0<\/span><span dir=\"ltr\" role=\"presentation\">RGPD<\/span><span dir=\"ltr\" role=\"presentation\">\u00a0<\/span><span dir=\"ltr\" role=\"presentation\">\u00bb), ainsi qu&rsquo;\u00e0 la Loi <\/span><span dir=\"ltr\" role=\"presentation\">Organique Espagnole 3\/2018 du 5 d\u00e9cembre sur la Protection des Donn\u00e9es <\/span><span dir=\"ltr\" role=\"presentation\">Personnelles et les garanties li\u00e9es aux droits num\u00e9riques (\u00ab <\/span><span dir=\"ltr\" role=\"presentation\">LOPDGDD<\/span><span dir=\"ltr\" role=\"presentation\">\u00a0<\/span><span dir=\"ltr\" role=\"presentation\">\u00bb) et <\/span><span dir=\"ltr\" role=\"presentation\">\u00e0 ses r\u00e8glements d&rsquo;application. Ci-apr\u00e8s indistinctement (\u00ab<\/span><span dir=\"ltr\" role=\"presentation\">\u00a0<\/span><span dir=\"ltr\" role=\"presentation\">R\u00e8glement sur <\/span><span dir=\"ltr\" role=\"presentation\">la Protection des Donn\u00e9es<\/span><span dir=\"ltr\" role=\"presentation\">\u00a0<\/span><span dir=\"ltr\" role=\"presentation\">\u00bb).\u00a0<\/span><span dir=\"ltr\" role=\"presentation\">Ifeel est le responsable du traitement des Donn\u00e9es Personnelles trait\u00e9es au\u00a0<\/span><span dir=\"ltr\" role=\"presentation\">titre de l&rsquo;utilisation des Plateforme et qui sont collect\u00e9es d\u00e8s lors que vous\u00a0<\/span><span dir=\"ltr\" role=\"presentation\">proc\u00e9dez \u00e0 votre inscription et\/ou \u00e0 votre connexion, ainsi que des Donn\u00e9es\u00a0<\/span><span dir=\"ltr\" role=\"presentation\">Personnelles qui sont collect\u00e9es et trait\u00e9es dans le cadre de la r\u00e9alisation\u00a0<\/span><span dir=\"ltr\" role=\"presentation\">des fournitures de services.\u00a0<\/span>Ifeel est le responsable du traitement des donn\u00e9es \u00e0 caract\u00e8re personnel trait\u00e9es au titre de l&rsquo;utilisation des plateformes, et qui sont collect\u00e9es d\u00e8s lors que vous proc\u00e9dez \u00e0 votre inscription et\/ou \u00e0 votre connexion, ainsi que des donn\u00e9es \u00e0 caract\u00e8re personnel qui sont collect\u00e9es et trait\u00e9es dans le cadre de la r\u00e9alisation des prestations de services.<\/p><p><strong>Titulaire : Digital Mind Solutions S.L.<\/strong><\/p><p><strong>Si\u00e8ge social : C. de Jos\u00e9 Ortega y Gasset, 100, 6A, 28006 Madrid<\/strong><\/p><p><strong>Code d\u2019identification fiscale :<\/strong><\/p><p><strong> B87593851<\/strong><\/p><p><strong>Registre public : Inscrite au Registre du commerce de Madrid, dans le tome 34901, feuillet 29, section G\u00e9n\u00e9rale, feuille num\u00e9ro M-627653, inscription 1\u00aa.<\/strong><\/p><p><strong>Email : info@ifeelonline.com<\/strong><\/p><p><strong>\u00a0<\/strong><\/p><h2><b style=\"font-family: Recoleta, sans-serif; font-size: 34px; background-color: transparent;\">2.Principes fondamentaux<\/b><\/h2><\/header><div aria-label=\"P\u00e1gina 1\" data-page-number=\"1\"><div><span dir=\"ltr\" role=\"presentation\">2. Principes fondamentaux<\/span><br role=\"presentation\" \/><span dir=\"ltr\" role=\"presentation\">Ifeel s\u2019engage \u00e0 respecter les principes relatifs au traitement des donn\u00e9es\u00a0<\/span><span dir=\"ltr\" role=\"presentation\">personnelles stipul\u00e9s le RGPD, et \u00e0 ce titre :<\/span><br role=\"presentation\" \/><span dir=\"ltr\" role=\"presentation\">\u25cf<\/span> <span dir=\"ltr\" role=\"presentation\">Traite<\/span> <span dir=\"ltr\" role=\"presentation\">vos<\/span> <span dir=\"ltr\" role=\"presentation\">Donn\u00e9es<\/span> <span dir=\"ltr\" role=\"presentation\">Personnelles<\/span> <span dir=\"ltr\" role=\"presentation\">de<\/span> <span dir=\"ltr\" role=\"presentation\">mani\u00e8re<\/span> <span dir=\"ltr\" role=\"presentation\">licite,\u00a0<\/span><span dir=\"ltr\" role=\"presentation\">transparente et loyale<\/span><span dir=\"ltr\" role=\"presentation\">\u00a0<\/span><span dir=\"ltr\" role=\"presentation\">;<\/span><br role=\"presentation\" \/><span dir=\"ltr\" role=\"presentation\">\u25cf<\/span> <span dir=\"ltr\" role=\"presentation\">Limite l&rsquo;utilisation de vos Donn\u00e9es Personnelles \u00e0 des fins\u00a0<\/span><span dir=\"ltr\" role=\"presentation\">l\u00e9gitimes<\/span><span dir=\"ltr\" role=\"presentation\">\u00a0<\/span><span dir=\"ltr\" role=\"presentation\">;<\/span><br role=\"presentation\" \/><span dir=\"ltr\" role=\"presentation\">\u25cf<\/span> <span dir=\"ltr\" role=\"presentation\">Limite le traitement et le stockage de vos Donn\u00e9es\u00a0<\/span><span dir=\"ltr\" role=\"presentation\">Personnelles au strict minimum<\/span><span dir=\"ltr\" role=\"presentation\">\u00a0<\/span><span dir=\"ltr\" role=\"presentation\">;<\/span><\/div><div><span dir=\"ltr\" role=\"presentation\">\u25cf<\/span> <span dir=\"ltr\" role=\"presentation\">Veille \u00e0 ce que l\u2019information des personnes concern\u00e9es soit\u00a0<\/span><span dir=\"ltr\" role=\"presentation\">exacte et suffisante<\/span><span dir=\"ltr\" role=\"presentation\">\u00a0<\/span><span dir=\"ltr\" role=\"presentation\">;\u00a0<\/span>Personnelles seront trait\u00e9es de mani\u00e8re \u00e9quitable et transparente,<\/div><\/div><div aria-label=\"P\u00e1gina 2\" data-page-number=\"2\"><div><span dir=\"ltr\" role=\"presentation\">collect\u00e9es pour des finalit\u00e9s sp\u00e9cifiques, explicites et l\u00e9gitimes, et ne seront\u00a0<\/span><span dir=\"ltr\" role=\"presentation\">pas trait\u00e9es ult\u00e9rieurement de mani\u00e8re incompatible avec ces finalit\u00e9s.<\/span><br role=\"presentation\" \/><span dir=\"ltr\" role=\"presentation\">\u25cf<\/span> <span dir=\"ltr\" role=\"presentation\">Assume toute responsabilit\u00e9 vis-\u00e0-vis de vous, en ce qui\u00a0<\/span><span dir=\"ltr\" role=\"presentation\">concerne le traitement de vos Donn\u00e9es Personnelles<\/span><span dir=\"ltr\" role=\"presentation\">\u00a0<\/span><span dir=\"ltr\" role=\"presentation\">;<\/span><br role=\"presentation\" \/><span dir=\"ltr\" role=\"presentation\">\u25cf<\/span> <span dir=\"ltr\" role=\"presentation\">Veille \u00e0 ce que votre consentement soit \u00e9clair\u00e9 et facile \u00e0\u00a0<\/span><span dir=\"ltr\" role=\"presentation\">retirer<\/span><span dir=\"ltr\" role=\"presentation\">\u00a0<\/span><span dir=\"ltr\" role=\"presentation\">;<\/span><br role=\"presentation\" \/><span dir=\"ltr\" role=\"presentation\">\u25cf<\/span> <span dir=\"ltr\" role=\"presentation\">D\u00e9finit<\/span> <span dir=\"ltr\" role=\"presentation\">et<\/span> <span dir=\"ltr\" role=\"presentation\">prot\u00e9ger<\/span> <span dir=\"ltr\" role=\"presentation\">vos<\/span> <span dir=\"ltr\" role=\"presentation\">cat\u00e9gories<\/span> <span dir=\"ltr\" role=\"presentation\">de<\/span> <span dir=\"ltr\" role=\"presentation\">donn\u00e9es\u00a0<\/span><span dir=\"ltr\" role=\"presentation\">sensibles\/sp\u00e9ciales afin d&rsquo;assurer une protection sp\u00e9ciale de\u00a0<\/span><span dir=\"ltr\" role=\"presentation\">ces cat\u00e9gories de donn\u00e9es sensibles\/sp\u00e9ciales<\/span><span dir=\"ltr\" role=\"presentation\">\u00a0<\/span><span dir=\"ltr\" role=\"presentation\">;<\/span><br role=\"presentation\" \/><span dir=\"ltr\" role=\"presentation\">\u25cf<\/span> <span dir=\"ltr\" role=\"presentation\">S&rsquo;assure que les tiers qui traitenet vos Donn\u00e9es Personnelles\u00a0<\/span><span dir=\"ltr\" role=\"presentation\">en au nom et pour notre compte (professionnels et\/ou\u00a0<\/span><span dir=\"ltr\" role=\"presentation\">psychologues agr\u00e9\u00e9s externes) appliquent des normes de de\u00a0<\/span><span dir=\"ltr\" role=\"presentation\">protection des donn\u00e9es similaires ou \u00e9quivalentes ;<\/span><br role=\"presentation\" \/><span dir=\"ltr\" role=\"presentation\">\u25cf<\/span> <span dir=\"ltr\" role=\"presentation\">Ne transf\u00e8re vos Donn\u00e9es Personnelles en dehors de l&rsquo;Union\u00a0<\/span><span dir=\"ltr\" role=\"presentation\">Europ\u00e9enne qu\u2019aux seuls destinataires qui ont fourni des\u00a0<\/span><span dir=\"ltr\" role=\"presentation\">garanties ad\u00e9quates approuv\u00e9es par le RGPD<\/span><span dir=\"ltr\" role=\"presentation\">\u00a0<\/span><span dir=\"ltr\" role=\"presentation\">;<\/span><br role=\"presentation\" \/><span dir=\"ltr\" role=\"presentation\">\u25cf<\/span> <span dir=\"ltr\" role=\"presentation\">Vous fournissez le droit \u00e0 des informations concises,\u00a0<\/span><span dir=\"ltr\" role=\"presentation\">opportunes et compl\u00e8tes concernant notre traitement sur vos\u00a0<\/span><span dir=\"ltr\" role=\"presentation\">Donn\u00e9es Personnelles ;<\/span><br role=\"presentation\" \/><span dir=\"ltr\" role=\"presentation\">\u25cf<\/span> <span dir=\"ltr\" role=\"presentation\">Vous donne le droit de rectifier vos Donn\u00e9es Personnelles qui\u00a0<\/span><span dir=\"ltr\" role=\"presentation\">seraient incompl\u00e8tes, inexactes, inutiles ou excessives ;<\/span><br role=\"presentation\" \/><span dir=\"ltr\" role=\"presentation\">\u25cf<\/span> <span dir=\"ltr\" role=\"presentation\">Vous donne le droit de vous opposer au traitement de vos\u00a0<\/span><span dir=\"ltr\" role=\"presentation\">Donn\u00e9es Personnelles (lorsque les conditions l\u00e9gales sont\u00a0<\/span><span dir=\"ltr\" role=\"presentation\">remplies) ;<\/span><br role=\"presentation\" \/><span dir=\"ltr\" role=\"presentation\">\u25cf<\/span> <span dir=\"ltr\" role=\"presentation\">S&rsquo;assure que des proc\u00e9dures sont en place concernant\u00a0<\/span><span dir=\"ltr\" role=\"presentation\">l&rsquo;exercice des droits des personnes concern\u00e9es ;<\/span><br role=\"presentation\" \/><span dir=\"ltr\" role=\"presentation\">\u25cf<\/span> <span dir=\"ltr\" role=\"presentation\">Met en \u0153uvre des moyens techniques et organisationnelles\u00a0<\/span><span dir=\"ltr\" role=\"presentation\">pour garantir la confidentialit\u00e9, l\u2019int\u00e9grit\u00e9 et la disponibilit\u00e9 de\u00a0<\/span><span dir=\"ltr\" role=\"presentation\">vos Donn\u00e9es Personnelles ;<\/span><br role=\"presentation\" \/><span dir=\"ltr\" role=\"presentation\">\u25cf<\/span> <span dir=\"ltr\" role=\"presentation\">Conserve vos Donn\u00e9es Personnelles de mani\u00e8re confidentielle\u00a0<\/span><span dir=\"ltr\" role=\"presentation\">m\u00eame apr\u00e8s la fin de notre collaboration avec vous.<\/span><\/div><div><span dir=\"ltr\" role=\"presentation\">\u00a0<\/span><\/div><\/div><h2><b style=\"background-color: transparent; font-family: Recoleta, sans-serif; font-size: 28px;\">3. Quelles sont les Donn\u00e9es Personnelles collect\u00e9es ?<\/b><\/h2><p>\u00ab <strong>Donn\u00e9es Personnelles<\/strong> \u00bb fait r\u00e9f\u00e9rence \u00e0 toutes les informations relatives \u00e0 une personne physique identifi\u00e9e ou identifiable (ci-apr\u00e8s d\u00e9nomm\u00e9e \u00ab<strong> Personne concern\u00e9e<\/strong> \u00bb). Une personne physique identifiable est une personne qui peut \u00eatre identifi\u00e9e, directement ou indirectement, notamment gr\u00e2ce \u00e0 un identifiant tel qu&rsquo;un nom, un num\u00e9ro d&rsquo;identification, des donn\u00e9es de localisation, un identifiant en ligne ou \u00e0 un ou plusieurs facteurs sp\u00e9cifiques \u00e0 l&rsquo;identit\u00e9 physique, physiologique, g\u00e9n\u00e9tique, mentale, \u00e9conomique, culturelle ou sociale de cette personne physique.<\/p><p>\u00ab Donn\u00e9es concernant la sant\u00e9 \u00bb ou \u00ab Donn\u00e9es de sant\u00e9 \u00bb fait r\u00e9f\u00e9rence aux Donn\u00e9es Personnelles concernant la sant\u00e9 physique ou mentale d&rsquo;une personne physique, y compris la prestation de services de soins de sant\u00e9, qui r\u00e9v\u00e8lent des informations sur son \u00e9tat de sant\u00e9.<\/p><p>Ifeel ne collecte que les seules Donn\u00e9es Personnelles qui sont pertinentes et n\u00e9cessaires \u00e0 la r\u00e9alisation des services.<\/p><p><strong>3.1 Donn\u00e9es Personnelles que vous fournissez lors de votre inscription sur la plateforme<\/strong><\/p><p>Lorsque vous vous enregistrez sur la Plateforme, nous recueillons des informations d&rsquo;identification et de contact vous concernant (adresse \u00e9lectronique, genre, \u00e9tat civil, pays de r\u00e9sidence, num\u00e9ro de t\u00e9l\u00e9phone &#8211; facultatif -, localisation, pseudonyme.<\/p><p>Si vous ne fournissez pas ces informations, vous ne pourrez pas vous inscrire et, par cons\u00e9quent, nous ne serons pas en mesure de vous fournir nos services de bien-\u00eatre \u00e9motionnel par le biais de la plateforme.<\/p><p><strong>3.2. Donn\u00e9es Personnelles qu&rsquo;Ifeel collecte aupr\u00e8s de tiers<\/strong><\/p><p>Ifeel\u2019s collecte \u00e9galement des Donn\u00e9es Personnelles vous concernant \u00e0 partir d&rsquo;autres sources notamment. D\u00e8s que vous avez accept\u00e9 d\u2019utiliser nos services par le biais de l\u2019application My Easy Sant\u00e9, APPS nous a envoy\u00e9, votre pr\u00e9nom, votre nom, votre adresse \u00e9lectronique, votre sexe et votre date de naissance. A la cr\u00e9ation de votre compte, Nous vous demandons de Nous communiquer \u00e0 nouveau ces donn\u00e9es afin de Nous assurer que vous \u00eates le bon utilisateur.<\/p><p><strong>3.3. Donn\u00e9es Personnelles que nous partageons avec des tiers<\/strong><\/p><p>Dans le cadre de nos prestations de services, Nous pouvons transf\u00e9rer vos Donn\u00e9es Personnelles ou y accorder l\u2019acc\u00e8s \u00e0 notre personnel ayant besoin d\u2019en conna\u00eetre dans le cadre de l\u2019exercice de leurs fonctions. Veuillez noter que seuls les psychologues ou th\u00e9rapeutes auront acc\u00e8s \u00e0 vos donn\u00e9es de sant\u00e9.\u00a0<\/p><p>Nous pouvons \u00e9galement transf\u00e9rer ou donner acc\u00e8s \u00e0 vos Donn\u00e9es Personnelles \u00e0 certains tiers \u00e9num\u00e9r\u00e9s ci-dessous :<\/p><p>(i) Nos sous-traitants, prestataires ou partenaires : Ils n&rsquo;auront acc\u00e8s qu&rsquo;aux donn\u00e9es strictement n\u00e9cessaires \u00e0 la fourniture de leurs services.<\/p><p>(ii) Nos th\u00e9rapeute, qui travaillent pour Nous en tant que professionnels lib\u00e9raux, auront acc\u00e8s \u00e0 vos Donn\u00e9es Personnelles, y compris vos donn\u00e9es de sant\u00e9.<\/p><p>\u00c0 cette fin, nous leur transmettons votre pr\u00e9nom, nom, sexe, l&rsquo;\u00e9tat civil, date de naissance, code postal et num\u00e9ro de t\u00e9l\u00e9phone.\u00a0<\/p><p>(iii) APPS, qui exploite l&rsquo;application My Easy Sant\u00e9 au nom et pour le compte de notre partenaire AXA Partners et via laquelle vous avez pu Nous. Nous communiquons \u00e0 APPS le statut d\u2019avancement de votre parcours pour lui permettre de le mettre \u00e0 jour sur la plateforme My Easy Sant\u00e9 et le cas \u00e9ch\u00e9ant d\u2019envoyer un mail de rappel.<\/p><p>Sous r\u00e9serve de votre consentement nous communiquons \u00e0 APPS, certaines informations relatives \u00e0 votre profil afin qu\u2019APPS puisse vous distribuer, au nom et pour le compte d\u2019AXA Partners, du contenu cibl\u00e9 \u00e0 travers My Easy Sant\u00e9.\u00a0 Le consentement \u00e0 ce transfert n\u2019est pas obligatoire ; en cas de refus, vous pourrez toujours utiliser notre plateforme et b\u00e9n\u00e9ficier de nos services.<\/p><p>Ces informations pseudonymis\u00e9es sont :\u00a0 \u00a0<\/p><p>* Votre ID utilisateur\u00a0<\/p><p>* Votre \u00e2ge<\/p><p>* Votre genre\u00a0<\/p><p>Veuillez noter que nous ne partagerons, ni vos r\u00e9ponses au questionnaire sant\u00e9, ni les r\u00e9sultats de la th\u00e9rapie ou recommandations.<\/p><p>Dans les deux cas AXA Partners est seul Responsable de ces op\u00e9rations de traitement selon les conditions pr\u00e9cis\u00e9es dans la politique de confidentialit\u00e9 affich\u00e9e sur la plateforme My Easy Sant\u00e9.<\/p><p>* Amazon Web Services (AWS), qui est notre Sous-traitant h\u00e9bergeur de donn\u00e9es de sant\u00e9 certifi\u00e9. Les donn\u00e9es seront h\u00e9berg\u00e9es \u00e0 Irlande. Vos Donn\u00e9es Personnelles seront crypt\u00e9es et la cl\u00e9 sera stock\u00e9e dans notre coffre-fort AWS auquel Nous sommes les seuls \u00e0 avoir acc\u00e8s.<\/p><p>* Toute soci\u00e9t\u00e9 tierce dans le cadre d\u2019une restructuration qui rach\u00e8terait en tout ou partie notre soci\u00e9t\u00e9 ou fusionnerait avec notre soci\u00e9t\u00e9.\u00a0<\/p><p>* Toute autorit\u00e9, juridiction ou tout autre tiers lorsqu\u2019une telle communication est requise par une loi, une disposition r\u00e9glementaire ou une d\u00e9cision judiciaire europ\u00e9ennes ou fran\u00e7aises, ou si cette communication est n\u00e9cessaire pour assurer la protection et la d\u00e9fense de nos droits.<\/p><p>En dehors de ces cas, vos Donn\u00e9es Personnelles ne seront pas transf\u00e9r\u00e9es ou rendues accessibles \u00e0 un tiers sans votre consentement pr\u00e9alable.<\/p><div>\u00a0<\/div><p><b style=\"font-family: Recoleta, sans-serif; font-size: 28px; background-color: transparent;\">\u00a0<\/b><\/p><h2><span style=\"background-color: transparent;\">4.<\/span><b style=\"font-family: Recoleta, sans-serif; font-size: 28px; background-color: transparent;\">Finalit\u00e9s pour lesquelles vos donn\u00e9es \u00e0 caract\u00e8re personnel sont trait\u00e9es, et base l\u00e9gale<\/b><\/h2><p>Conform\u00e9ment \u00e0 la r\u00e9glementation applicable en mati\u00e8re de protection des donn\u00e9es personnelles, Nous ne collectons vos Donn\u00e9es Personnelles que lorsque Nous disposons d\u2019une base l\u00e9gale et d\u2019une finalit\u00e9 clairement identifi\u00e9e pour le faire.\u00a0 Selon les traitements, cette base l\u00e9gale peut \u00eatre l&rsquo;ex\u00e9cution du contrat auquel vous avez souscrit en acceptant nos conditions d\u2019utilisation, l\u2019int\u00e9r\u00eat l\u00e9gitime, votre consentement ou la n\u00e9cessit\u00e9 de respecter nos obligations l\u00e9gales.<\/p><p>* Sur la base de l&rsquo;ex\u00e9cution du contrat auquel vous avez souscrit en acceptant nos conditions d\u2019utilisation, aux fins suivantes : (i) Pour v\u00e9rifier votre identit\u00e9 et votre \u00e9ligibilit\u00e9 \u00e0 utiliser nos services. Cela peut se faire par courriels, appels vocaux, ou autres moyens de communication utilis\u00e9s. \u00c0 cette fin, aucune donn\u00e9e de sant\u00e9 ne sera trait\u00e9e ; (ii) Pour cr\u00e9er votre compte. \u00c0 cette fin, aucune donn\u00e9e de sant\u00e9 ne sera trait\u00e9e ; (iii) Pour vous fournir nos services.<\/p><p>* Sur la base de notre int\u00e9r\u00eat l\u00e9gitime ou l\u2019int\u00e9r\u00eat l\u00e9gitime d\u2019un tiers, aux fins suivantes :\u00a0<\/p><p>(i) Int\u00e9r\u00eat l\u00e9gitime d\u2019AXA Partners : Pour permettre \u00e0 notre partenaire AXA Partners d\u2019\u00e9tablir sa facturation. A ce titre Nous ne transf\u00e9rons \u00e0 APPS agissant au nom et pour le compte d\u2019AXA Partners\u00a0 que de la pseudonimis\u00e9e (sans votre nom) (ii) Pour permettre \u00e0 APPS, agissant au nom et pour le compte d\u2019AXA Partners mettre \u00e0 jour le statut de votre statut \u00e9motionnel dans la plateforme My Easy Sant\u00e9, et le cas \u00e9ch\u00e9ant vous envoyer des pop-ups de rappel directement sur votre interface My Easy Sant\u00e9. A cet effet, les seules donn\u00e9es personnelles communiqu\u00e9es \u00e0 APPS sont les suivantes :\u00a0<\/p><p>(i) Si vous vous \u00eates ou non inscrit<\/p><p>(ii) Si vous avez ou non rempli le questionnaire \u00e9motionnel.\u00a0<\/p><p>(iii) Si vous avez ou non contact\u00e9 un th\u00e9rapeute.<\/p><p>Nous ne communiquons aucune autre donn\u00e9e, simplement si vous avez ou non entam\u00e9 une \u00e9tape. Ces donn\u00e9es sont d\u2019ailleurs rattach\u00e9es \u00e0 votre ID utilisateur et non votre nom et pr\u00e9nom.\u00a0<\/p><p>Conform\u00e9ment au RGPD, une balance des int\u00e9r\u00eats a \u00e9t\u00e9 effectu\u00e9 pour ce traitement afin de s\u2019assurer que vos libert\u00e9s et droits fondamentaux ainsi que vos int\u00e9r\u00eats ne pr\u00e9valaient pas l\u2019int\u00e9r\u00eat l\u00e9gitime d\u2019APPS. Pour s\u2019en assurer, des garanties appropri\u00e9es ont \u00e9t\u00e9 mises en place. C\u2019est en tenant compte de ces garanties qu\u2019il a \u00e9t\u00e9 estim\u00e9 que l\u2019int\u00e9r\u00eat l\u00e9gitime d\u2019AXA Partners n\u2019\u00e9tait pas outrepass\u00e9, d\u2019autant que l\u2019objectif final est \u00e9galement d\u2019offrir aux utilisateurs de My Easy Sant\u00e9 une pr\u00e9sentation personnalis\u00e9e du service ainsi qu\u2019une exp\u00e9rience compl\u00e8te et inclusive constituant des \u00e9l\u00e9ments intrins\u00e8ques et attendus de ce dernier.<\/p><p>* Int\u00e9r\u00eat l\u00e9gitime de Ifeel :\u00a0<\/p><p>(i) Pour traiter, de mani\u00e8re ad\u00e9quate et en temps utile, vos demandes, plaintes, requ\u00eates ou suggestions via courriels, appels vocaux, messages texte ou autres moyens de communication utilis\u00e9s.<\/p><p>(ii) Pour am\u00e9liorer nos services en vous envoyant des courriels contenant un lien vers votre compte afin que vous puissiez nous faire part de vos commentaires concernant notre plateforme. \u00c0 cette fin, aucune donn\u00e9e de sant\u00e9 ne sera trait\u00e9e.<\/p><p>(iii) Pour d\u00e9fendre nos int\u00e9r\u00eats en cas de litige ou d&rsquo;action en justice.<\/p><p>(iv) Pour anonymiser vos Donn\u00e9es Personnelles \u00e0 des fins de statistiques, recherches m\u00e9dicales et\/ou universitaires.<\/p><p>(v) Pour vous informer des modifications apport\u00e9es \u00e0 nos conditions d\u2019utilisation, \u00e0 la pr\u00e9sente politique de confidentialit\u00e9 ou \u00e0 notre politique cookies. \u00c0 cette fin, aucune donn\u00e9e de sant\u00e9 ne sera trait\u00e9e.<\/p><p>* Sur la base de votre consentement, aux fins suivantes :\u00a0<\/p><p>(i) Pour transf\u00e9rer \u00e0 APPS, qui g\u00e8re la plateforme My Easy Sant\u00e9 au nom et pour le compte de AXA Partners, certaines informations relatives \u00e0 votre \u00e9tat \u00e9motionnel afin de lui permettre de vous envoyer des contenus cibl\u00e9s sur My Easy Sant\u00e9.\u00a0<\/p><p>(ii) Vous n&rsquo;\u00eates pas oblig\u00e9 de consentir \u00e0 ce transfert de donn\u00e9es : si vous n\u2019y consentez pas, vous pourrez toujours b\u00e9n\u00e9ficier de nos services. La liste des Donn\u00e9es Personnelles pouvant \u00eatre transf\u00e9r\u00e9es est disponible \u00e0 la Section 3 de cette politique.<\/p><p>Sur le fondement d\u2019autres obligations l\u00e9gales sp\u00e9cifiques, Nous pouvons \u00e9galement conserver vos Donn\u00e9es Personnelles au-del\u00e0 de la cl\u00f4ture de votre compte \u00e0 des fins de preuve, divulguer vos Donn\u00e9es Personnelles \u00e0 des autorit\u00e9 si Nous y sommes contraints l\u00e9galement, etc.<\/p><div>\u00a0<\/div><p><span style=\"font-weight: 400;\">\u00a0<\/span><\/p><h3><b>5. Conservation des donn\u00e9es<\/b><\/h3><p>Conform\u00e9ment \u00e0 la r\u00e9glementation applicable, vos Donn\u00e9es Personnelles, y compris vos donn\u00e9es de sant\u00e9, seront stock\u00e9es dans les locaux d&rsquo;un h\u00e9bergement de donn\u00e9es de sant\u00e9 certifi\u00e9. <br \/>Vos Donn\u00e9es Personnelles seront conserv\u00e9es pendant toute la dur\u00e9e n\u00e9cessaire aux finalit\u00e9s pour lesquelles elles ont \u00e9t\u00e9 collect\u00e9es. Une fois la dur\u00e9e de conservation atteinte, vos Donn\u00e9es Personnelles seront soit archiv\u00e9es \u00e0 des fins de documentation suivant les exigences r\u00e9glementaires, puis, ou imm\u00e9diatement si elles ne sont pas archiv\u00e9es, d\u00e9truites irr\u00e9vocablement ou rendues anonymes<br \/>Toutes vos Donn\u00e9es Personnelles, y compris vos donn\u00e9es de sant\u00e9, seront conserv\u00e9es dans notre base de donn\u00e9es active tant que votre compte reste actif. Lorsque votre compte est ferm\u00e9, soit par vous, soit en raison d&rsquo;une inactivit\u00e9 vos Donn\u00e9es Personnelles seront transf\u00e9r\u00e9es vers une base d&rsquo;archives o\u00f9 elles seront conserv\u00e9es pendant 5 ans \u00e0 des fins de preuve suivant nos obligations l\u00e9gales dans le domaine m\u00e9dical. \u00c0 la fin de cette p\u00e9riode de conservation, vos Donn\u00e9es personnelles seront soit supprim\u00e9es, soit anonymis\u00e9es.<\/p><p>Par exception : <br \/>* Les donn\u00e9es Personnelles collect\u00e9es \u00e0 la suite de nos enqu\u00eates de satisfaction seront conserv\u00e9es pendant les p\u00e9riodes pr\u00e9vues par la l\u00e9gislation, ou plus t\u00f4t si vous souhaitez exercer votre droit de suppression avant la fin de cette p\u00e9riode.<\/p><p>* Les Donn\u00e9es Personnelles relatives aux litiges et aux plaintes seront conserv\u00e9es pendant pendant les p\u00e9riodes pr\u00e9vues par la l\u00e9gislation , ou, pendant la dur\u00e9e de la proc\u00e9dure jusqu\u2019\u00e0 la pleine ex\u00e9cution de la d\u00e9cision de justice ou de l&rsquo;accord de r\u00e8glement.<\/p><p>Les Donn\u00e9es Personnelles jointes \u00e0 votre carte d&rsquo;identit\u00e9, qui peut vous \u00eatre demand\u00e9e lorsque vous exercez vos droits d\u2019acc\u00e8s ou de rectification, seront conserv\u00e9es pendant 1 an, et pendant 3 ans, en archive, lorsque Vous exercez votre droit d&rsquo;opposition.<\/p><p><span style=\"font-weight: 400;\">\u00a0<\/span><\/p><h3>\u00a0<\/h3><h3>6. Transferts internationaux de vos Donn\u00e9es Personnelles<\/h3><div><div>Nous faisons appel \u00e0 certains prestataires de services, qui ont \u00e9galement leur si\u00e8ge social \u00e0 l&rsquo;\u00e9tranger ou qui font eux-m\u00eames appel \u00e0 des sous-traitants situ\u00e9s \u00e0 l&rsquo;\u00e9tranger, y compris en dehors de l&rsquo;EEE dans des pays o\u00f9 la l\u00e9gislation en mati\u00e8re de protection des donn\u00e9es personnelles diff\u00e8re de celle applicable au sein de l\u2019EEE.\u00a0<\/div><div>Tout transfert de vos Donn\u00e9es Personnelles en dehors de l&rsquo;EEE vers des pays tiers est soit fond\u00e9 sur une d\u00e9cision d&rsquo;ad\u00e9quation de la Commission europ\u00e9enne, soit s&rsquo;effectue moyennant des garanties contractuelles appropri\u00e9es conformes \u00e0 la r\u00e9glementation applicable en mati\u00e8re de protection des donn\u00e9es personnelles.\u00a0<\/div><div>Pour obtenir des informations concernant les transferts de vos Donn\u00e9es Personnelles vers ces pays tiers (y compris les m\u00e9canismes de transfert correspondants), veuillez Nous contacter par mail \u00e0 support@ifeelonline.com ou par courrier \u00e0 Op\u00e9rations, C. de Jos\u00e9 Ortega y Gasset, 100, 6A, 28006 Madrid<\/div><\/div><div>\u00a0<\/div><div>\u00a0<\/div><h3>7. Application de la s\u00e9curit\u00e9<\/h3><p>Nous prot\u00e9geons vos Donn\u00e9es Personnelles au moyen de contr\u00f4les de s\u00e9curit\u00e9 techniques et organisationnels test\u00e9s et certifi\u00e9s, conform\u00e9ment au R\u00e8glement sur la Protection des Donn\u00e9es.<br \/>Notre personnel et les professionnels externes re\u00e7oivent une formation sur notre politique et nos principes de confidentialit\u00e9, ainsi que sur le R\u00e8glement sur la Protection des Donn\u00e9es.<br \/>Vos donn\u00e9es de sant\u00e9 ne seront accessibles que par nos th\u00e9rapeutes.<\/p><p>* Vos Donn\u00e9es Personnelles seront h\u00e9berg\u00e9es en Irlande, pour les sauvegardes, dans les locaux d&rsquo;un h\u00e9bergeur certifi\u00e9.<\/p><p>* Vos Donn\u00e9es Personnelles seront toujours crypt\u00e9es, tant au repos qu&rsquo;en transit.<\/p><p>* Vos r\u00e9sultats sanguins seront envoy\u00e9s uniquement \u00e0 nos m\u00e9decins et di\u00e9t\u00e9ticiens dans un format s\u00e9curis\u00e9 et par l\u2019interm\u00e9diaire d\u2019une messagerie crypt\u00e9e<\/p><p>* Lorsque vous consentez \u00e0 ce que vos Donn\u00e9es Personnelles soient transf\u00e9r\u00e9es \u00e0 APPS, le transfert sera s\u00e9curis\u00e9 et crypt\u00e9.<\/p><p>* Pour tout traitement de donn\u00e9es allant au-del\u00e0 de nos services inclus dans nos conditions d&rsquo;utilisation et dans la pr\u00e9sente politique de confidentialit\u00e9, vos Donn\u00e9es Personnelles seront anonymis\u00e9es pour qu\u2019elles ne puissent plus vous identifier et ne soient plus consid\u00e9r\u00e9es comme des Donn\u00e9es Personnelles.<\/p><h3><strong>9. Vos droits en tant qu&rsquo;Utilisateur<\/strong><\/h3><header><strong><br \/><\/strong>Nous nous effor\u00e7ons de maintenir vos Donn\u00e9es Personnelles exactes et \u00e0 jour\u00a0; et nous les actualiserons ou les divulguerons seulement \u00e0 votre demande.<br \/>Il est de votre responsabilit\u00e9 de nous informer de tout changement, correction ou ajout \u00e0 vos Donn\u00e9es Personnelles afin qu&rsquo;Ifeel puisse les modifier en cons\u00e9quence et les tenir \u00e0 jour.<\/header><header>Vous pouvez acc\u00e9der aux Donn\u00e9es Personnelles que nous d\u00e9tenons \u00e0 votre sujet et les corriger ou les supprimer si elles sont incorrectes.<br \/>Lorsque le R\u00e8glement sur la Protection des Donn\u00e9es s&rsquo;applique, vous b\u00e9n\u00e9ficiez d&rsquo;un certain nombre de droits, \u00e0 savoir :<\/header><header>* Droit d&rsquo;acc\u00e8s : le droit de demander \u00e0 Ifeel une copie de vos Donn\u00e9es Personnelles.<br \/>* Droit de rectification : le droit de demander \u00e0 Ifeel de rectifier les Donn\u00e9es Personnelles que vous consid\u00e9rez comme inexactes. Vous avez \u00e9galement le droit de demander \u00e0 Ifeel de compl\u00e9ter les informations que vous jugez incompl\u00e8tes.<br \/>* Droit de retirer votre consentement au traitement de vos Donn\u00e9es de Sant\u00e9.<br \/>* Droit \u00e0 l&rsquo;effacement : le droit de demander \u00e0 Ifeel d&rsquo;effacer vos Donn\u00e9es Personnelles dans certaines circonstances.<br \/>* Droit de restreindre le traitement : le droit de demander \u00e0 Ifeel de restreindre le traitement de vos Donn\u00e9es Personnelles dans certaines circonstances.<br \/>* Droit d&rsquo;opposition au traitement : le droit de s&rsquo;opposer au traitement de vos Donn\u00e9es Personnelles dans certaines circonstances.<br \/>* Droit \u00e0 la portabilit\u00e9 des donn\u00e9es : le droit de demander qu&rsquo;Ifeel transf\u00e8re les informations que vous avez fournies \u00e0 une autre organisation, ou \u00e0 vous-m\u00eame, dans certaines circonstances.<\/header><header>Veuillez noter que les droits des personnes concern\u00e9es ne s&rsquo;appliquent pas aux donn\u00e9es anonymis\u00e9es.<br \/>Vous pouvez exercer vos droits en tant que personne concern\u00e9e en envoyant un email \u00e0 support@ifeelonline.com en indiquant votre nom, le service utilis\u00e9 et votre num\u00e9ro de t\u00e9l\u00e9phone, et en joignant votre pi\u00e8ce d&rsquo;identit\u00e9 ou tout autre document permettant de vous identifier.<strong><br \/><\/strong><\/header><header><\/header><header><\/header><header><\/header><header><\/header><header><\/header><h3>10. Contact pour obtenir plus d&rsquo;informations<\/h3><p>Si vous avez des questions concernant cette Politique de Confidentialit\u00e9, si vous souhaitez obtenir une copie de cette politique, si vous souhaitez d\u00e9poser une plainte ou si vous pensez que vos droits en mati\u00e8re de confidentialit\u00e9 ont \u00e9t\u00e9 viol\u00e9s, vous pouvez contacter le d\u00e9l\u00e9gu\u00e9 \u00e0 la protection des donn\u00e9es \u00e0 l&rsquo;adresse support@ifeelonline.com. Il n&rsquo;y aura pas de repr\u00e9sailles pour le d\u00e9p\u00f4t d&rsquo;une plainte ou pour l&rsquo;exercice des droits des personnes concern\u00e9es.<br \/>Vous avez \u00e9galement le droit de d\u00e9poser une plainte aupr\u00e8s de votre autorit\u00e9 locale de protection des donn\u00e9es : <a href=\"https:\/\/www.aepd.es\/es.\" target=\"_blank\" rel=\"noopener\"><strong>https:\/\/www.aepd.es\/es.<\/strong><\/a><\/p><p>Derni\u00e8re mise \u00e0 jour : F\u00e9vrier 2022<\/p>\t\t\t\t\t\t\t\t<\/div>\n\t\t\t\t<\/div>\n\t\t\t\t\t<\/div>\n\t\t<\/div>\n\t\t\t\t\t<\/div>\n\t\t<\/section>\n\t\t\t\t<section data-particle_enable=\"false\" data-particle-mobile-disabled=\"false\" class=\"elementor-section elementor-top-section elementor-element elementor-element-4d343f4 elementor-section-boxed elementor-section-height-default elementor-section-height-default\" data-id=\"4d343f4\" data-element_type=\"section\" data-e-type=\"section\">\n\t\t\t\t\t\t<div class=\"elementor-container elementor-column-gap-default\">\n\t\t\t\t\t<div class=\"elementor-column elementor-col-100 elementor-top-column elementor-element elementor-element-6622e3c\" data-id=\"6622e3c\" data-element_type=\"column\" data-e-type=\"column\">\n\t\t\t<div class=\"elementor-widget-wrap elementor-element-populated\">\n\t\t\t\t\t\t<div class=\"elementor-element elementor-element-6236b09 elementor-widget elementor-widget-spacer\" data-id=\"6236b09\" data-element_type=\"widget\" data-e-type=\"widget\" data-widget_type=\"spacer.default\">\n\t\t\t\t<div class=\"elementor-widget-container\">\n\t\t\t\t\t\t\t<div class=\"elementor-spacer\">\n\t\t\t<div class=\"elementor-spacer-inner\"><\/div>\n\t\t<\/div>\n\t\t\t\t\t\t<\/div>\n\t\t\t\t<\/div>\n\t\t\t\t\t<\/div>\n\t\t<\/div>\n\t\t\t\t\t<\/div>\n\t\t<\/section>\n\t\t\t\t<\/div>\n\t\t\n    <div class=\"xs_social_share_widget xs_share_url after_content \t\tmain_content  wslu-style-1 wslu-share-box-shaped wslu-fill-colored wslu-none wslu-share-horizontal wslu-theme-font-no wslu-main_content\">\n\n\t\t\n        <ul>\n\t\t\t        <\/ul>\n    <\/div> \n","protected":false},"excerpt":{"rendered":"<p>Politique de confidentialit\u00e9 Cette Politique de Confidentialit\u00e9 d\u00e9crit la mani\u00e8re dont vos donn\u00e9es personnelles peuvent \u00eatre collect\u00e9es, utilis\u00e9es et divulgu\u00e9es par Digital Mind Solutions, S.L. (ci-apr\u00e8s \u00ab\u00a0Ifeel\u00a0\u00bb) et comment vous pouvez y acc\u00e9der. Veuillez la lire attentivement. Chez Ifeel, nous nous engageons \u00e0 prot\u00e9ger et \u00e0 respecter votre vie priv\u00e9e. Ifeel exerce ses activit\u00e9s conform\u00e9ment [&hellip;]<\/p>\n","protected":false},"author":6,"featured_media":0,"parent":0,"menu_order":0,"comment_status":"closed","ping_status":"closed","template":"","meta":{"content-type":"","postBodyCss":"","postBodyMargin":[],"postBodyPadding":[],"postBodyBackground":{"backgroundType":"classic","gradient":""},"footnotes":""},"class_list":["post-503","page","type-page","status-publish","hentry"],"_links":{"self":[{"href":"https:\/\/ifeelonline.com\/fr\/wp-json\/wp\/v2\/pages\/503","targetHints":{"allow":["GET"]}}],"collection":[{"href":"https:\/\/ifeelonline.com\/fr\/wp-json\/wp\/v2\/pages"}],"about":[{"href":"https:\/\/ifeelonline.com\/fr\/wp-json\/wp\/v2\/types\/page"}],"author":[{"embeddable":true,"href":"https:\/\/ifeelonline.com\/fr\/wp-json\/wp\/v2\/users\/6"}],"replies":[{"embeddable":true,"href":"https:\/\/ifeelonline.com\/fr\/wp-json\/wp\/v2\/comments?post=503"}],"version-history":[{"count":0,"href":"https:\/\/ifeelonline.com\/fr\/wp-json\/wp\/v2\/pages\/503\/revisions"}],"wp:attachment":[{"href":"https:\/\/ifeelonline.com\/fr\/wp-json\/wp\/v2\/media?parent=503"}],"curies":[{"name":"wp","href":"https:\/\/api.w.org\/{rel}","templated":true}]}}