{"id":2369,"date":"2017-08-23T17:30:50","date_gmt":"2017-08-23T16:30:50","guid":{"rendered":"http:\/\/digitalmind.wpengine.com\/?page_id=2369"},"modified":"2025-10-22T15:02:35","modified_gmt":"2025-10-22T14:02:35","slug":"blog","status":"publish","type":"page","link":"https:\/\/ifeelonline.com\/fr\/blog\/","title":{"rendered":"Blog"},"content":{"rendered":"\t\t<div data-elementor-type=\"wp-page\" data-elementor-id=\"2369\" class=\"elementor elementor-2369\" data-elementor-post-type=\"page\">\n\t\t\t\t\t\t<section data-particle_enable=\"false\" data-particle-mobile-disabled=\"false\" class=\"elementor-section elementor-top-section elementor-element elementor-element-30a77bc elementor-section-full_width elementor-hidden-tablet elementor-hidden-mobile elementor-section-height-default elementor-section-height-default\" data-id=\"30a77bc\" data-element_type=\"section\" data-e-type=\"section\">\n\t\t\t\t\t\t<div class=\"elementor-container elementor-column-gap-default\">\n\t\t\t\t\t<div class=\"elementor-column elementor-col-100 elementor-top-column elementor-element elementor-element-120b8b9\" data-id=\"120b8b9\" data-element_type=\"column\" data-e-type=\"column\">\n\t\t\t<div class=\"elementor-widget-wrap elementor-element-populated\">\n\t\t\t\t\t\t<section data-particle_enable=\"false\" data-particle-mobile-disabled=\"false\" class=\"elementor-section elementor-inner-section elementor-element elementor-element-902cd9b elementor-section-content-middle elementor-section-height-default elementor-section-boxed elementor-section-height-default\" data-id=\"902cd9b\" data-element_type=\"section\" data-e-type=\"section\" data-settings=\"{&quot;background_background&quot;:&quot;slideshow&quot;,&quot;background_slideshow_gallery&quot;:[{&quot;id&quot;:12677,&quot;url&quot;:&quot;https:\\\/\\\/ifeelonline.com\\\/fr\\\/wp-content\\\/uploads\\\/sites\\\/3\\\/2025\\\/03\\\/Hero-Section-12.png&quot;}],&quot;background_slideshow_loop&quot;:&quot;yes&quot;,&quot;background_slideshow_slide_duration&quot;:5000,&quot;background_slideshow_slide_transition&quot;:&quot;fade&quot;,&quot;background_slideshow_transition_duration&quot;:500}\">\n\t\t\t\t\t\t\t<div class=\"elementor-background-overlay\"><\/div>\n\t\t\t\t\t\t\t<div class=\"elementor-container elementor-column-gap-wide\">\n\t\t\t\t\t<div class=\"elementor-column elementor-col-100 elementor-top-column elementor-element elementor-element-31ba036\" data-id=\"31ba036\" data-element_type=\"column\" data-e-type=\"column\" data-settings=\"{&quot;background_background&quot;:&quot;classic&quot;}\">\n\t\t\t<div class=\"elementor-widget-wrap elementor-element-populated\">\n\t\t\t\t\t<div class=\"elementor-background-overlay\"><\/div>\n\t\t\t\t\t\t<div class=\"elementor-element elementor-element-64e49d8 elementor-widget elementor-widget-heading\" data-id=\"64e49d8\" data-element_type=\"widget\" data-e-type=\"widget\" data-widget_type=\"heading.default\">\n\t\t\t\t<div class=\"elementor-widget-container\">\n\t\t\t\t\t<h1 class=\"elementor-heading-title elementor-size-default\">Nouveaut\u00e9s du blog<\/h1>\t\t\t\t<\/div>\n\t\t\t\t<\/div>\n\t\t\t\t<div class=\"elementor-element elementor-element-a92af46 elementor-widget elementor-widget-heading\" data-id=\"a92af46\" data-element_type=\"widget\" data-e-type=\"widget\" data-widget_type=\"heading.default\">\n\t\t\t\t<div class=\"elementor-widget-container\">\n\t\t\t\t\t<h2 class=\"elementor-heading-title elementor-size-default\">Connaissez-vous les avantages du <br>programme de bien-\u00eatre <br>au travail ifeel ?<\/h2>\t\t\t\t<\/div>\n\t\t\t\t<\/div>\n\t\t\t\t<div class=\"elementor-element elementor-element-ed5e856 elementor-mobile-align-center elementor-align-center elementor-widget elementor-widget-button\" data-id=\"ed5e856\" data-element_type=\"widget\" data-e-type=\"widget\" data-widget_type=\"button.default\">\n\t\t\t\t<div class=\"elementor-widget-container\">\n\t\t\t\t\t\t\t\t\t<div class=\"elementor-button-wrapper\">\n\t\t\t\t\t<a class=\"elementor-button elementor-button-link elementor-size-sm elementor-animation-grow\" href=\"https:\/\/ifeelonline.com\/fr\/bien-etre-emotionnel-dans-lentreprise\/\">\n\t\t\t\t\t\t<span class=\"elementor-button-content-wrapper\">\n\t\t\t\t\t\t\t\t\t<span class=\"elementor-button-text\">Lire maintenant<\/span>\n\t\t\t\t\t<\/span>\n\t\t\t\t\t<\/a>\n\t\t\t\t<\/div>\n\t\t\t\t\t\t\t\t<\/div>\n\t\t\t\t<\/div>\n\t\t\t\t\t<\/div>\n\t\t<\/div>\n\t\t\t\t\t<\/div>\n\t\t<\/section>\n\t\t\t\t\t<\/div>\n\t\t<\/div>\n\t\t\t\t\t<\/div>\n\t\t<\/section>\n\t\t\t\t<section data-particle_enable=\"false\" data-particle-mobile-disabled=\"false\" class=\"elementor-section elementor-top-section elementor-element elementor-element-8dfa24e elementor-section-full_width elementor-hidden-desktop elementor-section-height-default elementor-section-height-default\" data-id=\"8dfa24e\" data-element_type=\"section\" data-e-type=\"section\">\n\t\t\t\t\t\t<div class=\"elementor-container elementor-column-gap-default\">\n\t\t\t\t\t<div class=\"elementor-column elementor-col-100 elementor-top-column elementor-element elementor-element-adea443\" data-id=\"adea443\" data-element_type=\"column\" data-e-type=\"column\">\n\t\t\t<div class=\"elementor-widget-wrap elementor-element-populated\">\n\t\t\t\t\t\t<section data-particle_enable=\"false\" data-particle-mobile-disabled=\"false\" class=\"elementor-section elementor-inner-section elementor-element elementor-element-288fa41 elementor-section-content-middle elementor-section-height-default elementor-section-boxed elementor-section-height-default\" data-id=\"288fa41\" data-element_type=\"section\" data-e-type=\"section\" data-settings=\"{&quot;background_background&quot;:&quot;gradient&quot;}\">\n\t\t\t\t\t\t\t<div class=\"elementor-background-overlay\"><\/div>\n\t\t\t\t\t\t\t<div class=\"elementor-container elementor-column-gap-wide\">\n\t\t\t\t\t<div class=\"elementor-column elementor-col-100 elementor-top-column elementor-element elementor-element-3a8d5f7\" data-id=\"3a8d5f7\" data-element_type=\"column\" data-e-type=\"column\" data-settings=\"{&quot;background_background&quot;:&quot;classic&quot;}\">\n\t\t\t<div class=\"elementor-widget-wrap elementor-element-populated\">\n\t\t\t\t\t<div class=\"elementor-background-overlay\"><\/div>\n\t\t\t\t\t\t<div class=\"elementor-element elementor-element-77bce8c elementor-widget elementor-widget-heading\" data-id=\"77bce8c\" data-element_type=\"widget\" data-e-type=\"widget\" data-widget_type=\"heading.default\">\n\t\t\t\t<div class=\"elementor-widget-container\">\n\t\t\t\t\t<h1 class=\"elementor-heading-title elementor-size-default\">Nouveaut\u00e9s du blog<\/h1>\t\t\t\t<\/div>\n\t\t\t\t<\/div>\n\t\t\t\t<div class=\"elementor-element elementor-element-cd78a70 elementor-widget elementor-widget-heading\" data-id=\"cd78a70\" data-element_type=\"widget\" data-e-type=\"widget\" data-widget_type=\"heading.default\">\n\t\t\t\t<div class=\"elementor-widget-container\">\n\t\t\t\t\t<p class=\"elementor-heading-title elementor-size-default\"><a href=\"https:\/\/ifeelonline.com\/app-programa-de-bienestar-laboral-para-empresas\/\">Connaissez-vous les avantages du programme de bien-\u00eatre au travail ifeel ?<\/a><\/p>\t\t\t\t<\/div>\n\t\t\t\t<\/div>\n\t\t\t\t<div class=\"elementor-element elementor-element-9d1e0c4 elementor-mobile-align-center elementor-align-center elementor-widget elementor-widget-button\" data-id=\"9d1e0c4\" data-element_type=\"widget\" data-e-type=\"widget\" data-widget_type=\"button.default\">\n\t\t\t\t<div class=\"elementor-widget-container\">\n\t\t\t\t\t\t\t\t\t<div class=\"elementor-button-wrapper\">\n\t\t\t\t\t<a class=\"elementor-button elementor-button-link elementor-size-sm\" href=\"https:\/\/ifeelonline.com\/fr\/bien-etre-emotionnel-dans-lentreprise\/\">\n\t\t\t\t\t\t<span class=\"elementor-button-content-wrapper\">\n\t\t\t\t\t\t\t\t\t<span class=\"elementor-button-text\">Lire maintenant<\/span>\n\t\t\t\t\t<\/span>\n\t\t\t\t\t<\/a>\n\t\t\t\t<\/div>\n\t\t\t\t\t\t\t\t<\/div>\n\t\t\t\t<\/div>\n\t\t\t\t\t<\/div>\n\t\t<\/div>\n\t\t\t\t\t<\/div>\n\t\t<\/section>\n\t\t\t\t\t<\/div>\n\t\t<\/div>\n\t\t\t\t\t<\/div>\n\t\t<\/section>\n\t\t\t\t<section data-particle_enable=\"false\" data-particle-mobile-disabled=\"false\" class=\"elementor-section elementor-top-section elementor-element elementor-element-dd58a46 elementor-section-boxed elementor-section-height-default elementor-section-height-default\" data-id=\"dd58a46\" data-element_type=\"section\" data-e-type=\"section\">\n\t\t\t\t\t\t<div class=\"elementor-container elementor-column-gap-default\">\n\t\t\t\t\t\t<\/div>\n\t\t<\/section>\n\t\t\t\t<section data-particle_enable=\"false\" data-particle-mobile-disabled=\"false\" class=\"elementor-section elementor-top-section elementor-element elementor-element-392d869 elementor-section-content-middle elementor-section-boxed elementor-section-height-default elementor-section-height-default\" data-id=\"392d869\" data-element_type=\"section\" data-e-type=\"section\">\n\t\t\t\t\t\t<div class=\"elementor-container elementor-column-gap-default\">\n\t\t\t\t\t<div class=\"elementor-column elementor-col-33 elementor-top-column elementor-element elementor-element-953047f\" data-id=\"953047f\" data-element_type=\"column\" data-e-type=\"column\">\n\t\t\t<div class=\"elementor-widget-wrap elementor-element-populated\">\n\t\t\t\t\t\t<div class=\"elementor-element elementor-element-372db23 elementor-nav-menu--dropdown-tablet elementor-nav-menu__text-align-aside elementor-nav-menu--toggle elementor-nav-menu--burger elementor-widget elementor-widget-nav-menu\" data-id=\"372db23\" data-element_type=\"widget\" data-e-type=\"widget\" data-settings=\"{&quot;layout&quot;:&quot;horizontal&quot;,&quot;submenu_icon&quot;:{&quot;value&quot;:&quot;&lt;i class=\\&quot;fas fa-caret-down\\&quot; aria-hidden=\\&quot;true\\&quot;&gt;&lt;\\\/i&gt;&quot;,&quot;library&quot;:&quot;fa-solid&quot;},&quot;toggle&quot;:&quot;burger&quot;}\" data-widget_type=\"nav-menu.default\">\n\t\t\t\t<div class=\"elementor-widget-container\">\n\t\t\t\t\t\t\t\t<nav aria-label=\"Menu\" class=\"elementor-nav-menu--main elementor-nav-menu__container elementor-nav-menu--layout-horizontal e--pointer-underline e--animation-fade\">\n\t\t\t\t<ul id=\"menu-1-372db23\" class=\"elementor-nav-menu\"><li class=\"menu-item menu-item-type-taxonomy menu-item-object-category menu-item-8712\"><a href=\"https:\/\/ifeelonline.com\/fr\/category\/bien-etre-au-travail\/psychologie-pour-les-entreprises\/\" class=\"elementor-item\">Psychologie pour les entreprises<\/a><\/li>\n<li class=\"menu-item menu-item-type-taxonomy menu-item-object-category menu-item-8711\"><a href=\"https:\/\/ifeelonline.com\/fr\/category\/bien-etre-au-travail\/climat-de-travail\/\" class=\"elementor-item\">Climat de travail<\/a><\/li>\n<li class=\"menu-item menu-item-type-taxonomy menu-item-object-category menu-item-8713\"><a href=\"https:\/\/ifeelonline.com\/fr\/category\/bien-etre-au-travail\/stress-au-travail\/\" class=\"elementor-item\">Stress au travail<\/a><\/li>\n<li class=\"menu-item menu-item-type-taxonomy menu-item-object-category menu-item-8714\"><a href=\"https:\/\/ifeelonline.com\/fr\/category\/bien-etre-au-travail\/developpement-professionnel\/\" class=\"elementor-item\">D\u00e9veloppement professionnel<\/a><\/li>\n<li class=\"menu-item menu-item-type-taxonomy menu-item-object-category menu-item-8715\"><a href=\"https:\/\/ifeelonline.com\/fr\/category\/bien-etre-au-travail\/motivation-au-travail\/\" class=\"elementor-item\">Motivation au travail<\/a><\/li>\n<li class=\"menu-item menu-item-type-taxonomy menu-item-object-category menu-item-8716\"><a href=\"https:\/\/ifeelonline.com\/fr\/category\/bien-etre-au-travail\/ressources-humaines\/\" class=\"elementor-item\">Ressources humaines<\/a><\/li>\n<li class=\"menu-item menu-item-type-taxonomy menu-item-object-category menu-item-11607\"><a href=\"https:\/\/ifeelonline.com\/fr\/category\/bien-etre-au-travail\/leadership\/\" class=\"elementor-item\">Leadership<\/a><\/li>\n<li class=\"menu-item menu-item-type-taxonomy menu-item-object-category menu-item-11112\"><a href=\"https:\/\/ifeelonline.com\/fr\/category\/bien-etre-au-travail\/assurance\/\" class=\"elementor-item\">Assurance<\/a><\/li>\n<\/ul>\t\t\t<\/nav>\n\t\t\t\t\t<div class=\"elementor-menu-toggle\" role=\"button\" tabindex=\"0\" aria-label=\"Permuter le menu\" aria-expanded=\"false\">\n\t\t\t<i aria-hidden=\"true\" role=\"presentation\" class=\"elementor-menu-toggle__icon--open eicon-menu-bar\"><\/i><i aria-hidden=\"true\" role=\"presentation\" class=\"elementor-menu-toggle__icon--close eicon-close\"><\/i>\t\t<\/div>\n\t\t\t\t\t<nav class=\"elementor-nav-menu--dropdown elementor-nav-menu__container\" aria-hidden=\"true\">\n\t\t\t\t<ul id=\"menu-2-372db23\" class=\"elementor-nav-menu\"><li class=\"menu-item menu-item-type-taxonomy menu-item-object-category menu-item-8712\"><a href=\"https:\/\/ifeelonline.com\/fr\/category\/bien-etre-au-travail\/psychologie-pour-les-entreprises\/\" class=\"elementor-item\" tabindex=\"-1\">Psychologie pour les entreprises<\/a><\/li>\n<li class=\"menu-item menu-item-type-taxonomy menu-item-object-category menu-item-8711\"><a href=\"https:\/\/ifeelonline.com\/fr\/category\/bien-etre-au-travail\/climat-de-travail\/\" class=\"elementor-item\" tabindex=\"-1\">Climat de travail<\/a><\/li>\n<li class=\"menu-item menu-item-type-taxonomy menu-item-object-category menu-item-8713\"><a href=\"https:\/\/ifeelonline.com\/fr\/category\/bien-etre-au-travail\/stress-au-travail\/\" class=\"elementor-item\" tabindex=\"-1\">Stress au travail<\/a><\/li>\n<li class=\"menu-item menu-item-type-taxonomy menu-item-object-category menu-item-8714\"><a href=\"https:\/\/ifeelonline.com\/fr\/category\/bien-etre-au-travail\/developpement-professionnel\/\" class=\"elementor-item\" tabindex=\"-1\">D\u00e9veloppement professionnel<\/a><\/li>\n<li class=\"menu-item menu-item-type-taxonomy menu-item-object-category menu-item-8715\"><a href=\"https:\/\/ifeelonline.com\/fr\/category\/bien-etre-au-travail\/motivation-au-travail\/\" class=\"elementor-item\" tabindex=\"-1\">Motivation au travail<\/a><\/li>\n<li class=\"menu-item menu-item-type-taxonomy menu-item-object-category menu-item-8716\"><a href=\"https:\/\/ifeelonline.com\/fr\/category\/bien-etre-au-travail\/ressources-humaines\/\" class=\"elementor-item\" tabindex=\"-1\">Ressources humaines<\/a><\/li>\n<li class=\"menu-item menu-item-type-taxonomy menu-item-object-category menu-item-11607\"><a href=\"https:\/\/ifeelonline.com\/fr\/category\/bien-etre-au-travail\/leadership\/\" class=\"elementor-item\" tabindex=\"-1\">Leadership<\/a><\/li>\n<li class=\"menu-item menu-item-type-taxonomy menu-item-object-category menu-item-11112\"><a href=\"https:\/\/ifeelonline.com\/fr\/category\/bien-etre-au-travail\/assurance\/\" class=\"elementor-item\" tabindex=\"-1\">Assurance<\/a><\/li>\n<\/ul>\t\t\t<\/nav>\n\t\t\t\t\t\t<\/div>\n\t\t\t\t<\/div>\n\t\t\t\t\t<\/div>\n\t\t<\/div>\n\t\t\t\t<div class=\"elementor-column elementor-col-66 elementor-top-column elementor-element elementor-element-5ae0c5e\" data-id=\"5ae0c5e\" data-element_type=\"column\" data-e-type=\"column\">\n\t\t\t<div class=\"elementor-widget-wrap elementor-element-populated\">\n\t\t\t\t\t\t<div class=\"elementor-element elementor-element-a805eaa elementor-search-form--skin-classic elementor-search-form--button-type-icon elementor-search-form--icon-search elementor-widget elementor-widget-search-form\" data-id=\"a805eaa\" data-element_type=\"widget\" data-e-type=\"widget\" data-settings=\"{&quot;skin&quot;:&quot;classic&quot;}\" data-widget_type=\"search-form.default\">\n\t\t\t\t<div class=\"elementor-widget-container\">\n\t\t\t\t\t\t\t<search role=\"search\">\n\t\t\t<form class=\"elementor-search-form\" action=\"https:\/\/ifeelonline.com\/fr\" method=\"get\">\n\t\t\t\t\t\t\t\t\t\t\t\t<div class=\"elementor-search-form__container\">\n\t\t\t\t\t<label class=\"elementor-screen-only\" for=\"elementor-search-form-a805eaa\">Rechercher <\/label>\n\n\t\t\t\t\t\n\t\t\t\t\t<input id=\"elementor-search-form-a805eaa\" placeholder=\"Rechercher\" class=\"elementor-search-form__input\" type=\"search\" name=\"s\" value=\"\">\n\t\t\t\t\t\n\t\t\t\t\t\t\t\t\t\t\t<button class=\"elementor-search-form__submit\" type=\"submit\" aria-label=\"Rechercher \">\n\t\t\t\t\t\t\t\t\t\t\t\t\t\t\t<i aria-hidden=\"true\" class=\"fas fa-search\"><\/i>\t\t\t\t\t\t\t\t\t\t\t\t\t<\/button>\n\t\t\t\t\t\n\t\t\t\t\t\t\t\t\t<\/div>\n\t\t\t<\/form>\n\t\t<\/search>\n\t\t\t\t\t\t<\/div>\n\t\t\t\t<\/div>\n\t\t\t\t\t<\/div>\n\t\t<\/div>\n\t\t\t\t\t<\/div>\n\t\t<\/section>\n\t\t\t\t<section data-particle_enable=\"false\" data-particle-mobile-disabled=\"false\" class=\"elementor-section elementor-top-section elementor-element elementor-element-5ee0b42 elementor-section-boxed elementor-section-height-default elementor-section-height-default\" data-id=\"5ee0b42\" data-element_type=\"section\" data-e-type=\"section\">\n\t\t\t\t\t\t<div class=\"elementor-container elementor-column-gap-default\">\n\t\t\t\t\t<div class=\"elementor-column elementor-col-100 elementor-top-column elementor-element elementor-element-b70c5ce\" data-id=\"b70c5ce\" data-element_type=\"column\" data-e-type=\"column\">\n\t\t\t<div class=\"elementor-widget-wrap elementor-element-populated\">\n\t\t\t\t\t\t<div class=\"elementor-element elementor-element-5eed8e7d elementor-grid-3 elementor-grid-tablet-2 elementor-grid-mobile-1 elementor-posts--thumbnail-top elementor-card-shadow-yes elementor-posts__hover-gradient elementor-widget elementor-widget-posts\" data-id=\"5eed8e7d\" data-element_type=\"widget\" data-e-type=\"widget\" data-settings=\"{&quot;cards_row_gap&quot;:{&quot;unit&quot;:&quot;px&quot;,&quot;size&quot;:&quot;32&quot;,&quot;sizes&quot;:[]},&quot;pagination_type&quot;:&quot;numbers&quot;,&quot;cards_row_gap_mobile&quot;:{&quot;unit&quot;:&quot;px&quot;,&quot;size&quot;:&quot;12&quot;,&quot;sizes&quot;:[]},&quot;cards_columns&quot;:&quot;3&quot;,&quot;cards_columns_tablet&quot;:&quot;2&quot;,&quot;cards_columns_mobile&quot;:&quot;1&quot;,&quot;cards_row_gap_tablet&quot;:{&quot;unit&quot;:&quot;px&quot;,&quot;size&quot;:&quot;&quot;,&quot;sizes&quot;:[]}}\" data-widget_type=\"posts.cards\">\n\t\t\t\t<div class=\"elementor-widget-container\">\n\t\t\t\t\t\t\t<div class=\"elementor-posts-container elementor-posts elementor-posts--skin-cards elementor-grid\" role=\"list\">\n\t\t\t\t<article class=\"elementor-post elementor-grid-item post-16763 post type-post status-publish format-standard has-post-thumbnail hentry category-assurance category-bien-etre-au-travail\" role=\"listitem\">\n\t\t\t<div class=\"elementor-post__card\">\n\t\t\t\t<a class=\"elementor-post__thumbnail__link\" href=\"https:\/\/ifeelonline.com\/fr\/courtiers-et-bien-etre-en-entreprise\/\" tabindex=\"-1\" ><div class=\"elementor-post__thumbnail\"><img fetchpriority=\"high\" decoding=\"async\" width=\"768\" height=\"401\" src=\"https:\/\/ifeelonline.com\/fr\/wp-content\/uploads\/sites\/3\/2026\/02\/Courtiers-et-bien-etre-en-entreprise-768x401.jpg\" class=\"attachment-medium_large size-medium_large wp-image-16764\" alt=\"Courtiers et bien-\u00eatre en entreprise\" srcset=\"https:\/\/ifeelonline.com\/fr\/wp-content\/uploads\/sites\/3\/2026\/02\/Courtiers-et-bien-etre-en-entreprise-768x401.jpg 768w, https:\/\/ifeelonline.com\/fr\/wp-content\/uploads\/sites\/3\/2026\/02\/Courtiers-et-bien-etre-en-entreprise-300x157.jpg 300w, https:\/\/ifeelonline.com\/fr\/wp-content\/uploads\/sites\/3\/2026\/02\/Courtiers-et-bien-etre-en-entreprise-1024x535.jpg 1024w, https:\/\/ifeelonline.com\/fr\/wp-content\/uploads\/sites\/3\/2026\/02\/Courtiers-et-bien-etre-en-entreprise-1536x802.jpg 1536w, https:\/\/ifeelonline.com\/fr\/wp-content\/uploads\/sites\/3\/2026\/02\/Courtiers-et-bien-etre-en-entreprise.jpg 1800w\" sizes=\"(max-width: 768px) 100vw, 768px\" \/><\/div><\/a>\n\t\t\t\t<div class=\"elementor-post__text\">\n\t\t\t\t<h3 class=\"elementor-post__title\">\n\t\t\t<a href=\"https:\/\/ifeelonline.com\/fr\/courtiers-et-bien-etre-en-entreprise\/\" >\n\t\t\t\tCourtiers et bien-\u00eatre en entreprise : un partenariat strat\u00e9gique avec ifeel\t\t\t<\/a>\n\t\t<\/h3>\n\t\t\n\t\t<a class=\"elementor-post__read-more\" href=\"https:\/\/ifeelonline.com\/fr\/courtiers-et-bien-etre-en-entreprise\/\" aria-label=\"En savoir plus sur Courtiers et bien-\u00eatre en entreprise : un partenariat strat\u00e9gique avec ifeel\" tabindex=\"-1\" >\n\t\t\tLire\t\t<\/a>\n\n\t\t\t\t<\/div>\n\t\t\t\t\t<\/div>\n\t\t<\/article>\n\t\t\t\t<article class=\"elementor-post elementor-grid-item post-16719 post type-post status-publish format-standard has-post-thumbnail hentry category-bien-etre-au-travail category-psychologie-pour-les-entreprises\" role=\"listitem\">\n\t\t\t<div class=\"elementor-post__card\">\n\t\t\t\t<a class=\"elementor-post__thumbnail__link\" href=\"https:\/\/ifeelonline.com\/fr\/reduction-des-symptomes-anxiete-et-depression\/\" tabindex=\"-1\" ><div class=\"elementor-post__thumbnail\"><img decoding=\"async\" width=\"768\" height=\"401\" src=\"https:\/\/ifeelonline.com\/fr\/wp-content\/uploads\/sites\/3\/2026\/02\/Rapport-clinique-difeel-reduction-des-symptomes-danxiete-et-de-depression-768x401.jpg\" class=\"attachment-medium_large size-medium_large wp-image-16722\" alt=\"r\u00e9duction des sympt\u00f4mes d\u2019anxi\u00e9t\u00e9 et de d\u00e9pression\" srcset=\"https:\/\/ifeelonline.com\/fr\/wp-content\/uploads\/sites\/3\/2026\/02\/Rapport-clinique-difeel-reduction-des-symptomes-danxiete-et-de-depression-768x401.jpg 768w, https:\/\/ifeelonline.com\/fr\/wp-content\/uploads\/sites\/3\/2026\/02\/Rapport-clinique-difeel-reduction-des-symptomes-danxiete-et-de-depression-300x157.jpg 300w, https:\/\/ifeelonline.com\/fr\/wp-content\/uploads\/sites\/3\/2026\/02\/Rapport-clinique-difeel-reduction-des-symptomes-danxiete-et-de-depression-1024x535.jpg 1024w, https:\/\/ifeelonline.com\/fr\/wp-content\/uploads\/sites\/3\/2026\/02\/Rapport-clinique-difeel-reduction-des-symptomes-danxiete-et-de-depression-1536x802.jpg 1536w, https:\/\/ifeelonline.com\/fr\/wp-content\/uploads\/sites\/3\/2026\/02\/Rapport-clinique-difeel-reduction-des-symptomes-danxiete-et-de-depression.jpg 1800w\" sizes=\"(max-width: 768px) 100vw, 768px\" \/><\/div><\/a>\n\t\t\t\t<div class=\"elementor-post__text\">\n\t\t\t\t<h3 class=\"elementor-post__title\">\n\t\t\t<a href=\"https:\/\/ifeelonline.com\/fr\/reduction-des-symptomes-anxiete-et-depression\/\" >\n\t\t\t\tRapport clinique d\u2019ifeel : r\u00e9duction des sympt\u00f4mes d\u2019anxi\u00e9t\u00e9 et de d\u00e9pression\t\t\t<\/a>\n\t\t<\/h3>\n\t\t\n\t\t<a class=\"elementor-post__read-more\" href=\"https:\/\/ifeelonline.com\/fr\/reduction-des-symptomes-anxiete-et-depression\/\" aria-label=\"En savoir plus sur Rapport clinique d\u2019ifeel : r\u00e9duction des sympt\u00f4mes d\u2019anxi\u00e9t\u00e9 et de d\u00e9pression\" tabindex=\"-1\" >\n\t\t\tLire\t\t<\/a>\n\n\t\t\t\t<\/div>\n\t\t\t\t\t<\/div>\n\t\t<\/article>\n\t\t\t\t<article class=\"elementor-post elementor-grid-item post-16419 post type-post status-publish format-standard has-post-thumbnail hentry category-bien-etre-au-travail category-psychologie-pour-les-entreprises\" role=\"listitem\">\n\t\t\t<div class=\"elementor-post__card\">\n\t\t\t\t<a class=\"elementor-post__thumbnail__link\" href=\"https:\/\/ifeelonline.com\/fr\/ifeel-verity-sante-mentale-levier-strategique\/\" tabindex=\"-1\" ><div class=\"elementor-post__thumbnail\"><img decoding=\"async\" width=\"768\" height=\"401\" src=\"https:\/\/ifeelonline.com\/fr\/wp-content\/uploads\/sites\/3\/2025\/11\/ifeel-Verity\u00ae-768x401.jpg\" class=\"attachment-medium_large size-medium_large wp-image-16717\" alt=\"ifeel Verity\u00ae\" srcset=\"https:\/\/ifeelonline.com\/fr\/wp-content\/uploads\/sites\/3\/2025\/11\/ifeel-Verity\u00ae-768x401.jpg 768w, https:\/\/ifeelonline.com\/fr\/wp-content\/uploads\/sites\/3\/2025\/11\/ifeel-Verity\u00ae-300x157.jpg 300w, https:\/\/ifeelonline.com\/fr\/wp-content\/uploads\/sites\/3\/2025\/11\/ifeel-Verity\u00ae-1024x535.jpg 1024w, https:\/\/ifeelonline.com\/fr\/wp-content\/uploads\/sites\/3\/2025\/11\/ifeel-Verity\u00ae-1536x802.jpg 1536w, https:\/\/ifeelonline.com\/fr\/wp-content\/uploads\/sites\/3\/2025\/11\/ifeel-Verity\u00ae.jpg 1800w\" sizes=\"(max-width: 768px) 100vw, 768px\" \/><\/div><\/a>\n\t\t\t\t<div class=\"elementor-post__text\">\n\t\t\t\t<h3 class=\"elementor-post__title\">\n\t\t\t<a href=\"https:\/\/ifeelonline.com\/fr\/ifeel-verity-sante-mentale-levier-strategique\/\" >\n\t\t\t\tifeel Verity \u00ae : comment ifeel transforme transforme la sant\u00e9 mentale en levier strat\u00e9gique d&rsquo;entreprise\t\t\t<\/a>\n\t\t<\/h3>\n\t\t\n\t\t<a class=\"elementor-post__read-more\" href=\"https:\/\/ifeelonline.com\/fr\/ifeel-verity-sante-mentale-levier-strategique\/\" aria-label=\"En savoir plus sur ifeel Verity \u00ae : comment ifeel transforme transforme la sant\u00e9 mentale en levier strat\u00e9gique d&rsquo;entreprise\" tabindex=\"-1\" >\n\t\t\tLire\t\t<\/a>\n\n\t\t\t\t<\/div>\n\t\t\t\t\t<\/div>\n\t\t<\/article>\n\t\t\t\t<article class=\"elementor-post elementor-grid-item post-16387 post type-post status-publish format-standard has-post-thumbnail hentry category-bien-etre-au-travail category-psychologie-pour-les-entreprises\" role=\"listitem\">\n\t\t\t<div class=\"elementor-post__card\">\n\t\t\t\t<a class=\"elementor-post__thumbnail__link\" href=\"https:\/\/ifeelonline.com\/fr\/utilisation-ethique-de-lia-la-sante-mentale\/\" tabindex=\"-1\" ><div class=\"elementor-post__thumbnail\"><img loading=\"lazy\" decoding=\"async\" width=\"768\" height=\"401\" src=\"https:\/\/ifeelonline.com\/fr\/wp-content\/uploads\/sites\/3\/2025\/10\/Utilisation-ethique-de-lIA-768x401.jpg\" class=\"attachment-medium_large size-medium_large wp-image-16389\" alt=\"Utilisation \u00e9thique de l&#039;IA en sant\u00e9 mentale\" srcset=\"https:\/\/ifeelonline.com\/fr\/wp-content\/uploads\/sites\/3\/2025\/10\/Utilisation-ethique-de-lIA-768x401.jpg 768w, https:\/\/ifeelonline.com\/fr\/wp-content\/uploads\/sites\/3\/2025\/10\/Utilisation-ethique-de-lIA-300x157.jpg 300w, https:\/\/ifeelonline.com\/fr\/wp-content\/uploads\/sites\/3\/2025\/10\/Utilisation-ethique-de-lIA-1024x535.jpg 1024w, https:\/\/ifeelonline.com\/fr\/wp-content\/uploads\/sites\/3\/2025\/10\/Utilisation-ethique-de-lIA-1536x802.jpg 1536w, https:\/\/ifeelonline.com\/fr\/wp-content\/uploads\/sites\/3\/2025\/10\/Utilisation-ethique-de-lIA.jpg 1800w\" sizes=\"(max-width: 768px) 100vw, 768px\" \/><\/div><\/a>\n\t\t\t\t<div class=\"elementor-post__text\">\n\t\t\t\t<h3 class=\"elementor-post__title\">\n\t\t\t<a href=\"https:\/\/ifeelonline.com\/fr\/utilisation-ethique-de-lia-la-sante-mentale\/\" >\n\t\t\t\tUtilisation \u00e9thique de l&rsquo;IA dans le domaine de la sant\u00e9 mentale : la technologie au service des professionnels\t\t\t<\/a>\n\t\t<\/h3>\n\t\t\n\t\t<a class=\"elementor-post__read-more\" href=\"https:\/\/ifeelonline.com\/fr\/utilisation-ethique-de-lia-la-sante-mentale\/\" aria-label=\"En savoir plus sur Utilisation \u00e9thique de l&rsquo;IA dans le domaine de la sant\u00e9 mentale : la technologie au service des professionnels\" tabindex=\"-1\" >\n\t\t\tLire\t\t<\/a>\n\n\t\t\t\t<\/div>\n\t\t\t\t\t<\/div>\n\t\t<\/article>\n\t\t\t\t<article class=\"elementor-post elementor-grid-item post-16531 post type-post status-publish format-standard has-post-thumbnail hentry category-bien-etre-au-travail category-psychologie-pour-les-entreprises\" role=\"listitem\">\n\t\t\t<div class=\"elementor-post__card\">\n\t\t\t\t<a class=\"elementor-post__thumbnail__link\" href=\"https:\/\/ifeelonline.com\/fr\/sante-mentale-productivite-secteur-logistique\/\" tabindex=\"-1\" ><div class=\"elementor-post__thumbnail\"><img loading=\"lazy\" decoding=\"async\" width=\"768\" height=\"401\" src=\"https:\/\/ifeelonline.com\/fr\/wp-content\/uploads\/sites\/3\/2026\/02\/Secteur-loogistique-768x401.jpg\" class=\"attachment-medium_large size-medium_large wp-image-16727\" alt=\"sant\u00e9 mentale dans le secteur logistique\" srcset=\"https:\/\/ifeelonline.com\/fr\/wp-content\/uploads\/sites\/3\/2026\/02\/Secteur-loogistique-768x401.jpg 768w, https:\/\/ifeelonline.com\/fr\/wp-content\/uploads\/sites\/3\/2026\/02\/Secteur-loogistique-300x157.jpg 300w, https:\/\/ifeelonline.com\/fr\/wp-content\/uploads\/sites\/3\/2026\/02\/Secteur-loogistique-1024x535.jpg 1024w, https:\/\/ifeelonline.com\/fr\/wp-content\/uploads\/sites\/3\/2026\/02\/Secteur-loogistique-1536x802.jpg 1536w, https:\/\/ifeelonline.com\/fr\/wp-content\/uploads\/sites\/3\/2026\/02\/Secteur-loogistique.jpg 1800w\" sizes=\"(max-width: 768px) 100vw, 768px\" \/><\/div><\/a>\n\t\t\t\t<div class=\"elementor-post__text\">\n\t\t\t\t<h3 class=\"elementor-post__title\">\n\t\t\t<a href=\"https:\/\/ifeelonline.com\/fr\/sante-mentale-productivite-secteur-logistique\/\" >\n\t\t\t\tSant\u00e9 mentale et productivit\u00e9 dans le secteur logistique : le moteur invisible de la performance des entreprises\t\t\t<\/a>\n\t\t<\/h3>\n\t\t\n\t\t<a class=\"elementor-post__read-more\" href=\"https:\/\/ifeelonline.com\/fr\/sante-mentale-productivite-secteur-logistique\/\" aria-label=\"En savoir plus sur Sant\u00e9 mentale et productivit\u00e9 dans le secteur logistique : le moteur invisible de la performance des entreprises\" tabindex=\"-1\" >\n\t\t\tLire\t\t<\/a>\n\n\t\t\t\t<\/div>\n\t\t\t\t\t<\/div>\n\t\t<\/article>\n\t\t\t\t<article class=\"elementor-post elementor-grid-item post-16609 post type-post status-publish format-standard has-post-thumbnail hentry category-bien-etre-au-travail category-psychologie-pour-les-entreprises\" role=\"listitem\">\n\t\t\t<div class=\"elementor-post__card\">\n\t\t\t\t<a class=\"elementor-post__thumbnail__link\" href=\"https:\/\/ifeelonline.com\/fr\/trouver-le-bon-rythme-therapeutique-pour-optimiser-la-sante-mentale-au-travail\/\" tabindex=\"-1\" ><div class=\"elementor-post__thumbnail\"><img loading=\"lazy\" decoding=\"async\" width=\"768\" height=\"401\" src=\"https:\/\/ifeelonline.com\/fr\/wp-content\/uploads\/sites\/3\/2026\/01\/FR_equilibre-frequence-et-duree-pour-optimiser-la-sante-mentale-au-travail-768x401.jpg\" class=\"attachment-medium_large size-medium_large wp-image-16712\" alt=\"sant\u00e9 mentale au travail\" srcset=\"https:\/\/ifeelonline.com\/fr\/wp-content\/uploads\/sites\/3\/2026\/01\/FR_equilibre-frequence-et-duree-pour-optimiser-la-sante-mentale-au-travail-768x401.jpg 768w, https:\/\/ifeelonline.com\/fr\/wp-content\/uploads\/sites\/3\/2026\/01\/FR_equilibre-frequence-et-duree-pour-optimiser-la-sante-mentale-au-travail-300x157.jpg 300w, https:\/\/ifeelonline.com\/fr\/wp-content\/uploads\/sites\/3\/2026\/01\/FR_equilibre-frequence-et-duree-pour-optimiser-la-sante-mentale-au-travail-1024x535.jpg 1024w, https:\/\/ifeelonline.com\/fr\/wp-content\/uploads\/sites\/3\/2026\/01\/FR_equilibre-frequence-et-duree-pour-optimiser-la-sante-mentale-au-travail-1536x802.jpg 1536w, https:\/\/ifeelonline.com\/fr\/wp-content\/uploads\/sites\/3\/2026\/01\/FR_equilibre-frequence-et-duree-pour-optimiser-la-sante-mentale-au-travail.jpg 1800w\" sizes=\"(max-width: 768px) 100vw, 768px\" \/><\/div><\/a>\n\t\t\t\t<div class=\"elementor-post__text\">\n\t\t\t\t<h3 class=\"elementor-post__title\">\n\t\t\t<a href=\"https:\/\/ifeelonline.com\/fr\/trouver-le-bon-rythme-therapeutique-pour-optimiser-la-sante-mentale-au-travail\/\" >\n\t\t\t\tTrouver le bon rythme th\u00e9rapeutique : comment ifeel \u00e9quilibre fr\u00e9quence et dur\u00e9e pour optimiser la sant\u00e9 mentale au travail\t\t\t<\/a>\n\t\t<\/h3>\n\t\t\n\t\t<a class=\"elementor-post__read-more\" href=\"https:\/\/ifeelonline.com\/fr\/trouver-le-bon-rythme-therapeutique-pour-optimiser-la-sante-mentale-au-travail\/\" aria-label=\"En savoir plus sur Trouver le bon rythme th\u00e9rapeutique : comment ifeel \u00e9quilibre fr\u00e9quence et dur\u00e9e pour optimiser la sant\u00e9 mentale au travail\" tabindex=\"-1\" >\n\t\t\tLire\t\t<\/a>\n\n\t\t\t\t<\/div>\n\t\t\t\t\t<\/div>\n\t\t<\/article>\n\t\t\t\t<article class=\"elementor-post elementor-grid-item post-16518 post type-post status-publish format-standard has-post-thumbnail hentry category-bien-etre-au-travail category-leadership\" role=\"listitem\">\n\t\t\t<div class=\"elementor-post__card\">\n\t\t\t\t<a class=\"elementor-post__thumbnail__link\" href=\"https:\/\/ifeelonline.com\/fr\/middle-managers-et-sante-mentale\/\" tabindex=\"-1\" ><div class=\"elementor-post__thumbnail\"><img loading=\"lazy\" decoding=\"async\" width=\"768\" height=\"401\" src=\"https:\/\/ifeelonline.com\/fr\/wp-content\/uploads\/sites\/3\/2025\/12\/Middle-managers-et-sante-mentale-768x401.jpg\" class=\"attachment-medium_large size-medium_large wp-image-16521\" alt=\"middle managers\" srcset=\"https:\/\/ifeelonline.com\/fr\/wp-content\/uploads\/sites\/3\/2025\/12\/Middle-managers-et-sante-mentale-768x401.jpg 768w, https:\/\/ifeelonline.com\/fr\/wp-content\/uploads\/sites\/3\/2025\/12\/Middle-managers-et-sante-mentale-300x157.jpg 300w, https:\/\/ifeelonline.com\/fr\/wp-content\/uploads\/sites\/3\/2025\/12\/Middle-managers-et-sante-mentale-1024x535.jpg 1024w, https:\/\/ifeelonline.com\/fr\/wp-content\/uploads\/sites\/3\/2025\/12\/Middle-managers-et-sante-mentale-1536x802.jpg 1536w, https:\/\/ifeelonline.com\/fr\/wp-content\/uploads\/sites\/3\/2025\/12\/Middle-managers-et-sante-mentale.jpg 1800w\" sizes=\"(max-width: 768px) 100vw, 768px\" \/><\/div><\/a>\n\t\t\t\t<div class=\"elementor-post__text\">\n\t\t\t\t<h3 class=\"elementor-post__title\">\n\t\t\t<a href=\"https:\/\/ifeelonline.com\/fr\/middle-managers-et-sante-mentale\/\" >\n\t\t\t\tMiddle managers et sant\u00e9 mentale : le maillon essentiel du bien-\u00eatre organisationnel\t\t\t<\/a>\n\t\t<\/h3>\n\t\t\n\t\t<a class=\"elementor-post__read-more\" href=\"https:\/\/ifeelonline.com\/fr\/middle-managers-et-sante-mentale\/\" aria-label=\"En savoir plus sur Middle managers et sant\u00e9 mentale : le maillon essentiel du bien-\u00eatre organisationnel\" tabindex=\"-1\" >\n\t\t\tLire\t\t<\/a>\n\n\t\t\t\t<\/div>\n\t\t\t\t\t<\/div>\n\t\t<\/article>\n\t\t\t\t<article class=\"elementor-post elementor-grid-item post-16479 post type-post status-publish format-standard has-post-thumbnail hentry category-bien-etre-au-travail category-psychologie-pour-les-entreprises\" role=\"listitem\">\n\t\t\t<div class=\"elementor-post__card\">\n\t\t\t\t<a class=\"elementor-post__thumbnail__link\" href=\"https:\/\/ifeelonline.com\/fr\/sante-mentale-en-entreprise-tendances-pour-2026\/\" tabindex=\"-1\" ><div class=\"elementor-post__thumbnail\"><img loading=\"lazy\" decoding=\"async\" width=\"768\" height=\"401\" src=\"https:\/\/ifeelonline.com\/fr\/wp-content\/uploads\/sites\/3\/2025\/12\/Tendances-2026-768x401.jpg\" class=\"attachment-medium_large size-medium_large wp-image-16488\" alt=\"sant\u00e9 mentale en entreprise\" srcset=\"https:\/\/ifeelonline.com\/fr\/wp-content\/uploads\/sites\/3\/2025\/12\/Tendances-2026-768x401.jpg 768w, https:\/\/ifeelonline.com\/fr\/wp-content\/uploads\/sites\/3\/2025\/12\/Tendances-2026-300x157.jpg 300w, https:\/\/ifeelonline.com\/fr\/wp-content\/uploads\/sites\/3\/2025\/12\/Tendances-2026-1024x535.jpg 1024w, https:\/\/ifeelonline.com\/fr\/wp-content\/uploads\/sites\/3\/2025\/12\/Tendances-2026-1536x802.jpg 1536w, https:\/\/ifeelonline.com\/fr\/wp-content\/uploads\/sites\/3\/2025\/12\/Tendances-2026.jpg 1800w\" sizes=\"(max-width: 768px) 100vw, 768px\" \/><\/div><\/a>\n\t\t\t\t<div class=\"elementor-post__text\">\n\t\t\t\t<h3 class=\"elementor-post__title\">\n\t\t\t<a href=\"https:\/\/ifeelonline.com\/fr\/sante-mentale-en-entreprise-tendances-pour-2026\/\" >\n\t\t\t\tLa sant\u00e9 mentale en entreprise : 7 tendances pour 2026\t\t\t<\/a>\n\t\t<\/h3>\n\t\t\n\t\t<a class=\"elementor-post__read-more\" href=\"https:\/\/ifeelonline.com\/fr\/sante-mentale-en-entreprise-tendances-pour-2026\/\" aria-label=\"En savoir plus sur La sant\u00e9 mentale en entreprise : 7 tendances pour 2026\" tabindex=\"-1\" >\n\t\t\tLire\t\t<\/a>\n\n\t\t\t\t<\/div>\n\t\t\t\t\t<\/div>\n\t\t<\/article>\n\t\t\t\t<article class=\"elementor-post elementor-grid-item post-16496 post type-post status-publish format-standard has-post-thumbnail hentry category-bien-etre-au-travail category-leadership\" role=\"listitem\">\n\t\t\t<div class=\"elementor-post__card\">\n\t\t\t\t<a class=\"elementor-post__thumbnail__link\" href=\"https:\/\/ifeelonline.com\/fr\/directeur-securite-et-sante-mentale-au-travail\/\" tabindex=\"-1\" ><div class=\"elementor-post__thumbnail\"><img loading=\"lazy\" decoding=\"async\" width=\"768\" height=\"401\" src=\"https:\/\/ifeelonline.com\/fr\/wp-content\/uploads\/sites\/3\/2025\/12\/Securite-et-sante-mentale-au-travail-768x401.jpg\" class=\"attachment-medium_large size-medium_large wp-image-16499\" alt=\"s\u00e9curit\u00e9 et sant\u00e9 mentale au travail\" srcset=\"https:\/\/ifeelonline.com\/fr\/wp-content\/uploads\/sites\/3\/2025\/12\/Securite-et-sante-mentale-au-travail-768x401.jpg 768w, https:\/\/ifeelonline.com\/fr\/wp-content\/uploads\/sites\/3\/2025\/12\/Securite-et-sante-mentale-au-travail-300x157.jpg 300w, https:\/\/ifeelonline.com\/fr\/wp-content\/uploads\/sites\/3\/2025\/12\/Securite-et-sante-mentale-au-travail-1024x535.jpg 1024w, https:\/\/ifeelonline.com\/fr\/wp-content\/uploads\/sites\/3\/2025\/12\/Securite-et-sante-mentale-au-travail-1536x802.jpg 1536w, https:\/\/ifeelonline.com\/fr\/wp-content\/uploads\/sites\/3\/2025\/12\/Securite-et-sante-mentale-au-travail.jpg 1800w\" sizes=\"(max-width: 768px) 100vw, 768px\" \/><\/div><\/a>\n\t\t\t\t<div class=\"elementor-post__text\">\n\t\t\t\t<h3 class=\"elementor-post__title\">\n\t\t\t<a href=\"https:\/\/ifeelonline.com\/fr\/directeur-securite-et-sante-mentale-au-travail\/\" >\n\t\t\t\tS\u00e9curit\u00e9 et sant\u00e9 mentale au travail : les 8 leviers essentiels que tout directeur de la s\u00e9curit\u00e9 doit ma\u00eetriser\t\t\t<\/a>\n\t\t<\/h3>\n\t\t\n\t\t<a class=\"elementor-post__read-more\" href=\"https:\/\/ifeelonline.com\/fr\/directeur-securite-et-sante-mentale-au-travail\/\" aria-label=\"En savoir plus sur S\u00e9curit\u00e9 et sant\u00e9 mentale au travail : les 8 leviers essentiels que tout directeur de la s\u00e9curit\u00e9 doit ma\u00eetriser\" tabindex=\"-1\" >\n\t\t\tLire\t\t<\/a>\n\n\t\t\t\t<\/div>\n\t\t\t\t\t<\/div>\n\t\t<\/article>\n\t\t\t\t<article class=\"elementor-post elementor-grid-item post-16427 post type-post status-publish format-standard has-post-thumbnail hentry category-bien-etre-au-travail category-ressources-humaines\" role=\"listitem\">\n\t\t\t<div class=\"elementor-post__card\">\n\t\t\t\t<a class=\"elementor-post__thumbnail__link\" href=\"https:\/\/ifeelonline.com\/fr\/confidentialite-dans-programmes-sante-mentale\/\" tabindex=\"-1\" ><div class=\"elementor-post__thumbnail\"><img loading=\"lazy\" decoding=\"async\" width=\"768\" height=\"401\" src=\"https:\/\/ifeelonline.com\/fr\/wp-content\/uploads\/sites\/3\/2025\/11\/Confidentialite-et-respect-de-la-vie-privee-dans-les-programmes-de-sante-mentale-768x401.jpg\" class=\"attachment-medium_large size-medium_large wp-image-16428\" alt=\"Confidentialit\u00e9 et conformit\u00e9 dans les programmes de sant\u00e9 mentale\" srcset=\"https:\/\/ifeelonline.com\/fr\/wp-content\/uploads\/sites\/3\/2025\/11\/Confidentialite-et-respect-de-la-vie-privee-dans-les-programmes-de-sante-mentale-768x401.jpg 768w, https:\/\/ifeelonline.com\/fr\/wp-content\/uploads\/sites\/3\/2025\/11\/Confidentialite-et-respect-de-la-vie-privee-dans-les-programmes-de-sante-mentale-300x157.jpg 300w, https:\/\/ifeelonline.com\/fr\/wp-content\/uploads\/sites\/3\/2025\/11\/Confidentialite-et-respect-de-la-vie-privee-dans-les-programmes-de-sante-mentale-1024x535.jpg 1024w, https:\/\/ifeelonline.com\/fr\/wp-content\/uploads\/sites\/3\/2025\/11\/Confidentialite-et-respect-de-la-vie-privee-dans-les-programmes-de-sante-mentale-1536x802.jpg 1536w, https:\/\/ifeelonline.com\/fr\/wp-content\/uploads\/sites\/3\/2025\/11\/Confidentialite-et-respect-de-la-vie-privee-dans-les-programmes-de-sante-mentale.jpg 1800w\" sizes=\"(max-width: 768px) 100vw, 768px\" \/><\/div><\/a>\n\t\t\t\t<div class=\"elementor-post__text\">\n\t\t\t\t<h3 class=\"elementor-post__title\">\n\t\t\t<a href=\"https:\/\/ifeelonline.com\/fr\/confidentialite-dans-programmes-sante-mentale\/\" >\n\t\t\t\tConfidentialit\u00e9 et conformit\u00e9 dans les programmes de sant\u00e9 mentale : l&rsquo;importance de la s\u00e9curit\u00e9 des donn\u00e9es\t\t\t<\/a>\n\t\t<\/h3>\n\t\t\n\t\t<a class=\"elementor-post__read-more\" href=\"https:\/\/ifeelonline.com\/fr\/confidentialite-dans-programmes-sante-mentale\/\" aria-label=\"En savoir plus sur Confidentialit\u00e9 et conformit\u00e9 dans les programmes de sant\u00e9 mentale : l&rsquo;importance de la s\u00e9curit\u00e9 des donn\u00e9es\" tabindex=\"-1\" >\n\t\t\tLire\t\t<\/a>\n\n\t\t\t\t<\/div>\n\t\t\t\t\t<\/div>\n\t\t<\/article>\n\t\t\t\t<article class=\"elementor-post elementor-grid-item post-11745 post type-post status-publish format-standard has-post-thumbnail hentry category-bien-etre-au-travail category-psychologie-pour-les-entreprises\" role=\"listitem\">\n\t\t\t<div class=\"elementor-post__card\">\n\t\t\t\t<a class=\"elementor-post__thumbnail__link\" href=\"https:\/\/ifeelonline.com\/fr\/ateliers-sur-la-sante-mentale-en-entreprise\/\" tabindex=\"-1\" ><div class=\"elementor-post__thumbnail\"><img loading=\"lazy\" decoding=\"async\" width=\"768\" height=\"401\" src=\"https:\/\/ifeelonline.com\/fr\/wp-content\/uploads\/sites\/3\/2025\/01\/Ateliers-sur-la-sante-mentale-en-entreprise-768x401.jpg\" class=\"attachment-medium_large size-medium_large wp-image-16475\" alt=\"Ateliers sur la sant\u00e9 mentale en entreprise\" srcset=\"https:\/\/ifeelonline.com\/fr\/wp-content\/uploads\/sites\/3\/2025\/01\/Ateliers-sur-la-sante-mentale-en-entreprise-768x401.jpg 768w, https:\/\/ifeelonline.com\/fr\/wp-content\/uploads\/sites\/3\/2025\/01\/Ateliers-sur-la-sante-mentale-en-entreprise-300x157.jpg 300w, https:\/\/ifeelonline.com\/fr\/wp-content\/uploads\/sites\/3\/2025\/01\/Ateliers-sur-la-sante-mentale-en-entreprise-1024x535.jpg 1024w, https:\/\/ifeelonline.com\/fr\/wp-content\/uploads\/sites\/3\/2025\/01\/Ateliers-sur-la-sante-mentale-en-entreprise-1536x802.jpg 1536w, https:\/\/ifeelonline.com\/fr\/wp-content\/uploads\/sites\/3\/2025\/01\/Ateliers-sur-la-sante-mentale-en-entreprise.jpg 1800w\" sizes=\"(max-width: 768px) 100vw, 768px\" \/><\/div><\/a>\n\t\t\t\t<div class=\"elementor-post__text\">\n\t\t\t\t<h3 class=\"elementor-post__title\">\n\t\t\t<a href=\"https:\/\/ifeelonline.com\/fr\/ateliers-sur-la-sante-mentale-en-entreprise\/\" >\n\t\t\t\tAteliers sur la sant\u00e9 mentale en entreprise : 4 \u00e9l\u00e9ments cl\u00e9s\t\t\t<\/a>\n\t\t<\/h3>\n\t\t\n\t\t<a class=\"elementor-post__read-more\" href=\"https:\/\/ifeelonline.com\/fr\/ateliers-sur-la-sante-mentale-en-entreprise\/\" aria-label=\"En savoir plus sur Ateliers sur la sant\u00e9 mentale en entreprise : 4 \u00e9l\u00e9ments cl\u00e9s\" tabindex=\"-1\" >\n\t\t\tLire\t\t<\/a>\n\n\t\t\t\t<\/div>\n\t\t\t\t\t<\/div>\n\t\t<\/article>\n\t\t\t\t<article class=\"elementor-post elementor-grid-item post-10948 post type-post status-publish format-standard has-post-thumbnail hentry category-bien-etre-au-travail category-psychologie-pour-les-entreprises\" role=\"listitem\">\n\t\t\t<div class=\"elementor-post__card\">\n\t\t\t\t<a class=\"elementor-post__thumbnail__link\" href=\"https:\/\/ifeelonline.com\/fr\/soutien-psychologique-en-entreprise\/\" tabindex=\"-1\" ><div class=\"elementor-post__thumbnail\"><img loading=\"lazy\" decoding=\"async\" width=\"768\" height=\"401\" src=\"https:\/\/ifeelonline.com\/fr\/wp-content\/uploads\/sites\/3\/2025\/03\/Soutien-psychologique-en-entreprise-768x401.jpg\" class=\"attachment-medium_large size-medium_large wp-image-16463\" alt=\"Soutien psychologique en entreprise\" srcset=\"https:\/\/ifeelonline.com\/fr\/wp-content\/uploads\/sites\/3\/2025\/03\/Soutien-psychologique-en-entreprise-768x401.jpg 768w, https:\/\/ifeelonline.com\/fr\/wp-content\/uploads\/sites\/3\/2025\/03\/Soutien-psychologique-en-entreprise-300x157.jpg 300w, https:\/\/ifeelonline.com\/fr\/wp-content\/uploads\/sites\/3\/2025\/03\/Soutien-psychologique-en-entreprise-1024x535.jpg 1024w, https:\/\/ifeelonline.com\/fr\/wp-content\/uploads\/sites\/3\/2025\/03\/Soutien-psychologique-en-entreprise-1536x802.jpg 1536w, https:\/\/ifeelonline.com\/fr\/wp-content\/uploads\/sites\/3\/2025\/03\/Soutien-psychologique-en-entreprise.jpg 1800w\" sizes=\"(max-width: 768px) 100vw, 768px\" \/><\/div><\/a>\n\t\t\t\t<div class=\"elementor-post__text\">\n\t\t\t\t<h3 class=\"elementor-post__title\">\n\t\t\t<a href=\"https:\/\/ifeelonline.com\/fr\/soutien-psychologique-en-entreprise\/\" >\n\t\t\t\tSoutien psychologique en entreprise : un atout pour vos colloborateurs\t\t\t<\/a>\n\t\t<\/h3>\n\t\t\n\t\t<a class=\"elementor-post__read-more\" href=\"https:\/\/ifeelonline.com\/fr\/soutien-psychologique-en-entreprise\/\" aria-label=\"En savoir plus sur Soutien psychologique en entreprise : un atout pour vos colloborateurs\" tabindex=\"-1\" >\n\t\t\tLire\t\t<\/a>\n\n\t\t\t\t<\/div>\n\t\t\t\t\t<\/div>\n\t\t<\/article>\n\t\t\t\t<article class=\"elementor-post elementor-grid-item post-10184 post type-post status-publish format-standard has-post-thumbnail hentry category-bien-etre-au-travail category-ressources-humaines\" role=\"listitem\">\n\t\t\t<div class=\"elementor-post__card\">\n\t\t\t\t<a class=\"elementor-post__thumbnail__link\" href=\"https:\/\/ifeelonline.com\/fr\/prevention-risques-psychosociaux-rps\/\" tabindex=\"-1\" ><div class=\"elementor-post__thumbnail\"><img loading=\"lazy\" decoding=\"async\" width=\"768\" height=\"401\" src=\"https:\/\/ifeelonline.com\/fr\/wp-content\/uploads\/sites\/3\/2024\/03\/Risques-Psychosociaux-768x401.jpg\" class=\"attachment-medium_large size-medium_large wp-image-16455\" alt=\"Risques Psychosociaux (RPS)\" srcset=\"https:\/\/ifeelonline.com\/fr\/wp-content\/uploads\/sites\/3\/2024\/03\/Risques-Psychosociaux-768x401.jpg 768w, https:\/\/ifeelonline.com\/fr\/wp-content\/uploads\/sites\/3\/2024\/03\/Risques-Psychosociaux-300x157.jpg 300w, https:\/\/ifeelonline.com\/fr\/wp-content\/uploads\/sites\/3\/2024\/03\/Risques-Psychosociaux-1024x535.jpg 1024w, https:\/\/ifeelonline.com\/fr\/wp-content\/uploads\/sites\/3\/2024\/03\/Risques-Psychosociaux-1536x802.jpg 1536w, https:\/\/ifeelonline.com\/fr\/wp-content\/uploads\/sites\/3\/2024\/03\/Risques-Psychosociaux.jpg 1800w\" sizes=\"(max-width: 768px) 100vw, 768px\" \/><\/div><\/a>\n\t\t\t\t<div class=\"elementor-post__text\">\n\t\t\t\t<h3 class=\"elementor-post__title\">\n\t\t\t<a href=\"https:\/\/ifeelonline.com\/fr\/prevention-risques-psychosociaux-rps\/\" >\n\t\t\t\tRisques Psychosociaux (RPS) : Comment agir en pr\u00e9vention ?\t\t\t<\/a>\n\t\t<\/h3>\n\t\t\n\t\t<a class=\"elementor-post__read-more\" href=\"https:\/\/ifeelonline.com\/fr\/prevention-risques-psychosociaux-rps\/\" aria-label=\"En savoir plus sur Risques Psychosociaux (RPS) : Comment agir en pr\u00e9vention ?\" tabindex=\"-1\" >\n\t\t\tLire\t\t<\/a>\n\n\t\t\t\t<\/div>\n\t\t\t\t\t<\/div>\n\t\t<\/article>\n\t\t\t\t<article class=\"elementor-post elementor-grid-item post-8985 post type-post status-publish format-standard has-post-thumbnail hentry category-bien-etre-au-travail category-ressources-humaines\" role=\"listitem\">\n\t\t\t<div class=\"elementor-post__card\">\n\t\t\t\t<a class=\"elementor-post__thumbnail__link\" href=\"https:\/\/ifeelonline.com\/fr\/qualite-de-vie-au-travail-qvt-qvct\/\" tabindex=\"-1\" ><div class=\"elementor-post__thumbnail\"><img loading=\"lazy\" decoding=\"async\" width=\"768\" height=\"401\" src=\"https:\/\/ifeelonline.com\/fr\/wp-content\/uploads\/sites\/3\/2025\/04\/QVT-QVCT-768x401.jpg\" class=\"attachment-medium_large size-medium_large wp-image-16451\" alt=\"Qualit\u00e9 de vie au travail\" srcset=\"https:\/\/ifeelonline.com\/fr\/wp-content\/uploads\/sites\/3\/2025\/04\/QVT-QVCT-768x401.jpg 768w, https:\/\/ifeelonline.com\/fr\/wp-content\/uploads\/sites\/3\/2025\/04\/QVT-QVCT-300x157.jpg 300w, https:\/\/ifeelonline.com\/fr\/wp-content\/uploads\/sites\/3\/2025\/04\/QVT-QVCT-1024x535.jpg 1024w, https:\/\/ifeelonline.com\/fr\/wp-content\/uploads\/sites\/3\/2025\/04\/QVT-QVCT-1536x802.jpg 1536w, https:\/\/ifeelonline.com\/fr\/wp-content\/uploads\/sites\/3\/2025\/04\/QVT-QVCT.jpg 1800w\" sizes=\"(max-width: 768px) 100vw, 768px\" \/><\/div><\/a>\n\t\t\t\t<div class=\"elementor-post__text\">\n\t\t\t\t<h3 class=\"elementor-post__title\">\n\t\t\t<a href=\"https:\/\/ifeelonline.com\/fr\/qualite-de-vie-au-travail-qvt-qvct\/\" >\n\t\t\t\tQualit\u00e9 de vie au travail, QVT, QVCT : tout ce qu\u2019il faut savoir\t\t\t<\/a>\n\t\t<\/h3>\n\t\t\n\t\t<a class=\"elementor-post__read-more\" href=\"https:\/\/ifeelonline.com\/fr\/qualite-de-vie-au-travail-qvt-qvct\/\" aria-label=\"En savoir plus sur Qualit\u00e9 de vie au travail, QVT, QVCT : tout ce qu\u2019il faut savoir\" tabindex=\"-1\" >\n\t\t\tLire\t\t<\/a>\n\n\t\t\t\t<\/div>\n\t\t\t\t\t<\/div>\n\t\t<\/article>\n\t\t\t\t<article class=\"elementor-post elementor-grid-item post-9504 post type-post status-publish format-standard has-post-thumbnail hentry category-bien-etre-au-travail category-climat-de-travail category-psychologie-pour-les-entreprises\" role=\"listitem\">\n\t\t\t<div class=\"elementor-post__card\">\n\t\t\t\t<a class=\"elementor-post__thumbnail__link\" href=\"https:\/\/ifeelonline.com\/fr\/bien-etre-en-entreprise\/\" tabindex=\"-1\" ><div class=\"elementor-post__thumbnail\"><img loading=\"lazy\" decoding=\"async\" width=\"768\" height=\"401\" src=\"https:\/\/ifeelonline.com\/fr\/wp-content\/uploads\/sites\/3\/2024\/02\/Bien-etre-en-entreprise-768x401.jpg\" class=\"attachment-medium_large size-medium_large wp-image-16471\" alt=\"bien-\u00eatre en entreprise\" srcset=\"https:\/\/ifeelonline.com\/fr\/wp-content\/uploads\/sites\/3\/2024\/02\/Bien-etre-en-entreprise-768x401.jpg 768w, https:\/\/ifeelonline.com\/fr\/wp-content\/uploads\/sites\/3\/2024\/02\/Bien-etre-en-entreprise-300x157.jpg 300w, https:\/\/ifeelonline.com\/fr\/wp-content\/uploads\/sites\/3\/2024\/02\/Bien-etre-en-entreprise-1024x535.jpg 1024w, https:\/\/ifeelonline.com\/fr\/wp-content\/uploads\/sites\/3\/2024\/02\/Bien-etre-en-entreprise-1536x802.jpg 1536w, https:\/\/ifeelonline.com\/fr\/wp-content\/uploads\/sites\/3\/2024\/02\/Bien-etre-en-entreprise.jpg 1800w\" sizes=\"(max-width: 768px) 100vw, 768px\" \/><\/div><\/a>\n\t\t\t\t<div class=\"elementor-post__text\">\n\t\t\t\t<h3 class=\"elementor-post__title\">\n\t\t\t<a href=\"https:\/\/ifeelonline.com\/fr\/bien-etre-en-entreprise\/\" >\n\t\t\t\tBien-\u00eatre en entreprise et sant\u00e9 mentale au travail : pilier essentiel\t\t\t<\/a>\n\t\t<\/h3>\n\t\t\n\t\t<a class=\"elementor-post__read-more\" href=\"https:\/\/ifeelonline.com\/fr\/bien-etre-en-entreprise\/\" aria-label=\"En savoir plus sur Bien-\u00eatre en entreprise et sant\u00e9 mentale au travail : pilier essentiel\" tabindex=\"-1\" >\n\t\t\tLire\t\t<\/a>\n\n\t\t\t\t<\/div>\n\t\t\t\t\t<\/div>\n\t\t<\/article>\n\t\t\t\t<\/div>\n\t\t\n\t\t\t\t<div class=\"e-load-more-anchor\" data-page=\"1\" data-max-page=\"33\" data-next-page=\"https:\/\/ifeelonline.com\/fr\/wp-json\/wp\/v2\/pages\/2369\/page\/2\/\"><\/div>\n\t\t\t\t<nav class=\"elementor-pagination\" aria-label=\"Pagination\">\n\t\t\t<span aria-current=\"page\" class=\"page-numbers current\"><span class=\"elementor-screen-only\">Page<\/span>1<\/span>\n<a class=\"page-numbers\" href=\"https:\/\/ifeelonline.com\/fr\/wp-json\/wp\/v2\/pages\/2369\/page\/2\/\"><span class=\"elementor-screen-only\">Page<\/span>2<\/a>\n<a class=\"page-numbers\" href=\"https:\/\/ifeelonline.com\/fr\/wp-json\/wp\/v2\/pages\/2369\/page\/3\/\"><span class=\"elementor-screen-only\">Page<\/span>3<\/a>\n<a class=\"page-numbers\" href=\"https:\/\/ifeelonline.com\/fr\/wp-json\/wp\/v2\/pages\/2369\/page\/4\/\"><span class=\"elementor-screen-only\">Page<\/span>4<\/a>\n<a class=\"page-numbers\" href=\"https:\/\/ifeelonline.com\/fr\/wp-json\/wp\/v2\/pages\/2369\/page\/5\/\"><span class=\"elementor-screen-only\">Page<\/span>5<\/a>\t\t<\/nav>\n\t\t\t\t\t\t<\/div>\n\t\t\t\t<\/div>\n\t\t\t\t\t<\/div>\n\t\t<\/div>\n\t\t\t\t\t<\/div>\n\t\t<\/section>\n\t\t\t\t<section data-particle_enable=\"false\" data-particle-mobile-disabled=\"false\" class=\"elementor-section elementor-top-section elementor-element elementor-element-560d994 elementor-section-boxed elementor-section-height-default elementor-section-height-default\" data-id=\"560d994\" data-element_type=\"section\" data-e-type=\"section\">\n\t\t\t\t\t\t<div class=\"elementor-container elementor-column-gap-default\">\n\t\t\t\t\t<div class=\"elementor-column elementor-col-100 elementor-top-column elementor-element elementor-element-e1d0784\" data-id=\"e1d0784\" data-element_type=\"column\" data-e-type=\"column\">\n\t\t\t<div class=\"elementor-widget-wrap\">\n\t\t\t\t\t\t\t<\/div>\n\t\t<\/div>\n\t\t\t\t\t<\/div>\n\t\t<\/section>\n\t\t\t\t<\/div>\n\t\t\n    <div class=\"xs_social_share_widget xs_share_url after_content \t\tmain_content  wslu-style-1 wslu-share-box-shaped wslu-fill-colored wslu-none wslu-share-horizontal wslu-theme-font-no wslu-main_content\">\n\n\t\t\n        <ul>\n\t\t\t        <\/ul>\n    <\/div> \n","protected":false},"excerpt":{"rendered":"<p>Nouveaut\u00e9s du blog Connaissez-vous les avantages du programme de bien-\u00eatre au travail ifeel ? Lire maintenant Nouveaut\u00e9s du blog Connaissez-vous les avantages du programme de<\/p>\n","protected":false},"author":6,"featured_media":9324,"parent":0,"menu_order":0,"comment_status":"closed","ping_status":"closed","template":"","meta":{"content-type":"","postBodyCss":"","postBodyMargin":[],"postBodyPadding":[],"postBodyBackground":{"backgroundType":"classic","gradient":""},"footnotes":""},"class_list":["post-2369","page","type-page","status-publish","has-post-thumbnail","hentry"],"_links":{"self":[{"href":"https:\/\/ifeelonline.com\/fr\/wp-json\/wp\/v2\/pages\/2369","targetHints":{"allow":["GET"]}}],"collection":[{"href":"https:\/\/ifeelonline.com\/fr\/wp-json\/wp\/v2\/pages"}],"about":[{"href":"https:\/\/ifeelonline.com\/fr\/wp-json\/wp\/v2\/types\/page"}],"author":[{"embeddable":true,"href":"https:\/\/ifeelonline.com\/fr\/wp-json\/wp\/v2\/users\/6"}],"replies":[{"embeddable":true,"href":"https:\/\/ifeelonline.com\/fr\/wp-json\/wp\/v2\/comments?post=2369"}],"version-history":[{"count":0,"href":"https:\/\/ifeelonline.com\/fr\/wp-json\/wp\/v2\/pages\/2369\/revisions"}],"wp:featuredmedia":[{"embeddable":true,"href":"https:\/\/ifeelonline.com\/fr\/wp-json\/wp\/v2\/media\/9324"}],"wp:attachment":[{"href":"https:\/\/ifeelonline.com\/fr\/wp-json\/wp\/v2\/media?parent=2369"}],"curies":[{"name":"wp","href":"https:\/\/api.w.org\/{rel}","templated":true}]}}