{"id":11695,"date":"2024-12-03T10:43:03","date_gmt":"2024-12-03T10:43:03","guid":{"rendered":"https:\/\/ifeelonline.com\/de\/?page_id=11695"},"modified":"2026-03-25T15:56:47","modified_gmt":"2026-03-25T15:56:47","slug":"privacy-policy-web-app","status":"publish","type":"page","link":"https:\/\/ifeelonline.com\/de\/privacy-policy-web-app\/","title":{"rendered":"Datenschutzrichtlinie Web-App"},"content":{"rendered":"\t\t<div data-elementor-type=\"wp-page\" data-elementor-id=\"11695\" class=\"elementor elementor-11695\" data-elementor-post-type=\"page\">\n\t\t\t\t<div class=\"elementor-element elementor-element-1e3dc07e e-flex e-con-boxed e-con e-parent\" data-id=\"1e3dc07e\" data-element_type=\"container\" data-e-type=\"container\">\n\t\t\t\t\t<div class=\"e-con-inner\">\n\t\t\t\t<div class=\"elementor-element elementor-element-376d481c elementor-widget elementor-widget-text-editor\" data-id=\"376d481c\" data-element_type=\"widget\" data-e-type=\"widget\" data-settings=\"{&quot;ekit_we_effect_on&quot;:&quot;none&quot;}\" data-widget_type=\"text-editor.default\">\n\t\t\t\t<div class=\"elementor-widget-container\">\n\t\t\t\t\t\t\t\t\t<h1 id=\"datenschutzrichtliniewebapp\">\u00a0<\/h1><h1 id=\"datenschutzrichtliniewebapp\">Datenschutzrichtlinie Web-App<\/h1><div><hr \/><\/div><p><b>Letzte Aktualisierung: 25\/03\/2026<\/b><\/p><h2><b>1. Identifizierung der verantwortlichen Stelle<\/b><\/h2><p><span style=\"font-weight: 400\">Diese Datenschutzrichtlinie beschreibt, wie Ihre pers\u00f6nlichen Daten von Digital Mind Solutions, S.L.U. (im Folgenden \u00ab<\/span><b>ifeel<\/b><span style=\"font-weight: 400\">\u00ab) erfasst, verwendet und weitergegeben werden k\u00f6nnen und wie Sie darauf zugreifen k\u00f6nnen. Wir bei ifeel verpflichten uns, Ihre Privatsph\u00e4re zu sch\u00fctzen und zu respektieren. Ifeel arbeitet unter anderem in \u00dcbereinstimmung mit der Allgemeinen Datenschutzverordnung (EU) 2016\/679 (\u00abGDPR\u00bb) sowie dem Organgesetz 3\/2018 vom 5. Dezember \u00fcber den Schutz personenbezogener Daten und die Gew\u00e4hrleistung digitaler Rechte (\u00abLOPDGDD\u00bb) und seinen Durchf\u00fchrungsbestimmungen, im Folgenden unbestimmt (\u00abDatenschutzbestimmungen\u00bb). Verantwortlich f\u00fcr die Verarbeitung der personenbezogenen Daten des Nutzers im Zusammenhang mit bestimmten Nutzungen der Webplattform und der mobilen App (beide gemeinsam als \u00abPlattformen\u00bb bezeichnet) ab dem Zeitpunkt der Registrierung und\/oder Anmeldung sowie f\u00fcr die Erbringung der Dienstleistungen ist ifeel.<\/span><\/p><ul><li style=\"font-weight: 400\"><span style=\"font-weight: 400\">Eigent\u00fcmer: Digital Mind Solutions, S.L.U.<\/span><\/li><li style=\"font-weight: 400\"><span style=\"font-weight: 400\">Eingetragener Sitz: Calle de Ortega y Gasset 100, 6\u00aa. 28006, Madrid.<\/span><\/li><li>Steuernummer<span style=\"font-weight: 400\">: B87593851<\/span><\/li><li style=\"font-weight: 400\"><span style=\"font-weight: 400\">\u00d6ffentliches Register: Eingetragen im Madrider Handelsregister; in Band 34901, Folio 29, Allgemeiner Teil, Blatt M-627653, erster Eintrag.<\/span><\/li><li style=\"font-weight: 400\"><span style=\"font-weight: 400\">E-Mail: <\/span><a href=\"mailto:dpo@ifeelonline.com\" target=\"_blank\" rel=\"noopener\"><span style=\"font-weight: 400\">dpo@ifeelonline.com<\/span><\/a><\/li><\/ul><h2><b>2. Unser Ansatz zum Schutz der Privatsph\u00e4re<\/b><\/h2><p><span style=\"font-weight: 400\">2.1 In dieser Datenschutzrichtlinie wird dargelegt, wie wir Daten, die Sie identifizieren oder mit Ihnen in Verbindung stehen (\u00abpersonenbezogene Daten\u00bb), bei Ihrer Nutzung der Plattformen erheben, speichern, verarbeiten, \u00fcbertragen, weitergeben und nutzen.<\/span><\/p><p><span style=\"font-weight: 400\">2.2 Diese Datenschutzrichtlinie gilt f\u00fcr die Plattformen. Bitte vergewissern Sie sich, dass Sie diese Datenschutzrichtlinie gelesen haben und verstehen, wie wir Ihre personenbezogenen Daten erfassen, speichern, nutzen und weitergeben, bevor Sie auf die Plattformen zugreifen oder diese nutzen.<\/span><\/p><h2><b>3. Hintergrundinformationen zu unseren Kontotypen<\/b><\/h2><ul><li style=\"font-weight: 400\"><span style=\"font-weight: 400\">Benutzerkonto<\/span><\/li><li style=\"font-weight: 400\"><span style=\"font-weight: 400\">Psychologe Konto<\/span><\/li><\/ul><p><span style=\"font-weight: 400\">Wir haben zwei Arten von Konten, je nachdem, ob es sich um einen Nutzer oder einen Psychologen handelt, die den verschiedenen Nutzern der Plattform unterschiedliche Funktionen bieten:<\/span><\/p><ul><li style=\"font-weight: 400\"><b>Nutzerkonto<\/b><span style=\"font-weight: 400\">: Erm\u00f6glicht dem Nutzer, \u00fcber die Plattform auf das von ifeel eingerichtete Programm zur Verbesserung des emotionalen Wohlbefindens zuzugreifen. Das Benutzerkonto ist einzigartig, pers\u00f6nlich und nicht \u00fcbertragbar. Ifeel haftet weder f\u00fcr die unsachgem\u00e4\u00dfe oder fahrl\u00e4ssige Nutzung des Benutzerkontos noch f\u00fcr die Nutzung des Kontos durch andere Personen als den jeweiligen Nutzer.<\/span><\/li><li style=\"font-weight: 400\"><b>Psychologen-Konto<\/b><span style=\"font-weight: 400\">: Erm\u00f6glicht einem professionellen Psychologen die Nutzung der ifeel-Plattform mit dem Ziel, den Nutzern der Plattform eine pers\u00f6nliche Betreuung zu bieten. Das Psychologen-Konto ist einzigartig, pers\u00f6nlich und nicht \u00fcbertragbar. Ifeel haftet weder f\u00fcr die unsachgem\u00e4\u00dfe oder fahrl\u00e4ssige Nutzung des Psychologen-Kontos noch f\u00fcr die Nutzung des Kontos durch andere Personen als den Psychologen, dem es zur Verf\u00fcgung gestellt wurde.<\/span><\/li><\/ul><h2><b>4. Wer ist f\u00fcr die Verwendung Ihrer pers\u00f6nlichen Daten verantwortlich?<\/b><\/h2><p><span style=\"font-weight: 400\">\u00a0\u00a0\u00a0\u00a0\u00a0\u00a0\u00a0\u00a0<\/span><b>\u00a0ifeel als Datenverantwortlicher<\/b><\/p><p><span style=\"font-weight: 400\">In den folgenden F\u00e4llen fungieren wir als f\u00fcr die Verarbeitung personenbezogener Daten Verantwortlicher im Sinne der GDPR:<\/span><\/p><ul><li style=\"font-weight: 400\"><span style=\"font-weight: 400\">Die Plattformen: ifeel ist der f\u00fcr die Datenverarbeitung Verantwortliche f\u00fcr die personenbezogenen Daten, die wir im Zusammenhang mit Ihrer Registrierung auf den Plattformen und den durch Ihre Nutzung der Plattformen bereitgestellten Informationen \u00fcber Sie besitzen. Im Einzelnen handeln wir als Datenverantwortliche:<\/span><span style=\"font-weight: 400\"><br \/><\/span><span style=\"font-weight: 400\"><br \/><\/span><span style=\"font-weight: 400\">a) Wenn wir die Registrierung des Benutzerkontos und des Psychologenkontos auf unserer Plattform verwalten.<\/span><span style=\"font-weight: 400\"><br \/><\/span><span style=\"font-weight: 400\"><br \/><\/span><span style=\"font-weight: 400\">b) Bei der Einholung des ersten Fragebogens zur emotionalen Gesundheit.<\/span><span style=\"font-weight: 400\"><br \/><\/span><span style=\"font-weight: 400\"><br \/><\/span><b>ifeel als Verarbeiter<\/b><\/li><\/ul><p><span style=\"font-weight: 400\">Wir handeln als Verarbeiter personenbezogener Daten im Sinne der GDPR:<\/span><\/p><ul><li style=\"font-weight: 400\"><span style=\"font-weight: 400\">ifeel handelt als Datenverarbeiter gegen\u00fcber denjenigen Nutzern der Plattform, die Mitarbeiter einer Organisation oder eines Unternehmens sind, mit denen ifeel einen entsprechenden Vertrag \u00fcber die Erbringung von Dienstleistungen im Bereich des emotionalen Wohlbefindens zugunsten der Mitarbeiter der Organisation oder des Unternehmens zum Zwecke der Vorregistrierung der Mitarbeiter auf der Plattform geschlossen hat. In diesem Fall hat ifeel keine direkte Beziehung zu den betroffenen Personen und verarbeitet die personenbezogenen Daten des Endnutzers ausschlie\u00dflich im Auftrag der Organisationen oder Unternehmen und gem\u00e4\u00df deren Anweisungen.<\/span><\/li><li>Bei der Erbringung der Gesundheitsdienstleistung auf den Plattformen durch den externen oder internen Psychologen, mit dem ifeel eine Gesch\u00e4ftsbeziehung unterh\u00e4lt, ist dieser der Verantwortliche f\u00fcr die Verarbeitung dieser professionellen Gesundheitsdienstleistung, w\u00e4hrend ifeel als Auftragsverarbeiter fungiert.<\/li><\/ul><p>\u00a0<\/p><h2><b>5. Die personenbezogenen Daten, die wir von Ihnen sammeln, wenn Sie unsere Plattformen nutzen, und wie wir sie verwenden.<\/b><\/h2><p><span style=\"font-weight: 400\">5.1 Wir erfassen personenbezogene Daten, die Sie oder Ihr Psychologe freiwillig direkt an uns \u00fcbermitteln, wenn Sie unsere Plattform nutzen. Dazu k\u00f6nnen Informationen geh\u00f6ren, die Sie oder Ihr Psychologe uns zur Verf\u00fcgung stellen, wenn Sie ein Konto erstellen oder einrichten oder unsere Anwendung nutzen, sowie Einstellungen, die durch Ihre Nutzung automatisch generiert werden.<\/span><\/p><p><span style=\"font-weight: 400\">5.2 Wir werden Sie dar\u00fcber informieren, wenn Sie uns bestimmte personenbezogene Daten zur Verf\u00fcgung stellen m\u00fcssen, damit wir Ihnen bestimmte Funktionen der Anwendungen zur Verf\u00fcgung stellen k\u00f6nnen. Wenn Sie sich entscheiden, diese Informationen nicht bereitzustellen, k\u00f6nnen wir Ihnen diese Teile oder Funktionen der Plattform m\u00f6glicherweise nicht zur Verf\u00fcgung stellen.<\/span><\/p><p><span style=\"font-weight: 400\">5.3 Wenn Sie die Plattform nutzen, k\u00f6nnen wir unter anderem folgende Kategorien von Informationen erfassen:<\/span><\/p><ol><li><span style=\"font-weight: 400\">a) Vor- und Nachname, E-Mail-Adresse, Geschlecht, Alter, Familienstand, Land des Wohnsitzes, Telefonnummer (fakultativ), Standort, Alias und Passwort.<\/span><\/li><li><span style=\"font-weight: 400\">b) Gesundheitsdaten (Ergebnisse der ersten Gesundheitsfrageb\u00f6gen).<\/span><\/li><li><span style=\"font-weight: 400\">c) Angaben zum zugeh\u00f6rigen Berufspsychologen (Identifikationsdaten, Mitgliedsnummer, Berufsverband, Wohnort).<\/span><\/li><li><span style=\"font-weight: 400\">d) Nutzungsdaten, die auf den Plattformen durch Cookies oder andere Datenerfassungsdateien gesammelt werden.<\/span><\/li><\/ol><p><span style=\"font-weight: 400\">Wir verwenden diese Informationen, um Ihnen die Funktionen unserer Anwendung, aus der die Plattform besteht, zur Verf\u00fcgung zu stellen und um den Nutzern Unterst\u00fctzung zu bieten.<\/span><\/p><ul><li style=\"font-weight: 400\"><span style=\"font-weight: 400\">Die Legitimationsgrundlage f\u00fcr die Verarbeitung personenbezogener Daten f\u00fcr die Registrierung als Nutzer oder als Therapeut auf unserer Plattform ist die Erbringung unserer Leistungen auf der Grundlage des Vertragsverh\u00e4ltnisses zwischen den Parteien (Art. 6 Abs. 1 lit. b) GDPR).<\/span><\/li><li style=\"font-weight: 400\"><span style=\"font-weight: 400\">Die Legitimationsgrundlage f\u00fcr die Verarbeitung Ihrer personenbezogenen Gesundheitsdaten beruht auf der von Ihnen ausdr\u00fccklich erteilten Einwilligung (Art. 6 Abs. 1 lit. a) der DSGVO).<\/span><\/li><li style=\"font-weight: 400\"><span style=\"font-weight: 400\">Die Legitimationsgrundlage f\u00fcr die Verarbeitung von Daten im Zusammenhang mit der Nutzung der Plattform beruht auf unserem berechtigten Interesse (Art. 6 Abs. 1 lit. f) GDPR).<\/span><\/li><\/ul><p>\u00a0<\/p><h2><b>6. Von Google und Facebook erhaltene personenbezogene Daten der Endnutzer<\/b><\/h2><p><span style=\"font-weight: 400\">Wenn Sie sich entscheiden, \u00fcber die Website mit dem Google-Anmeldetool auf unsere Plattform zuzugreifen, wird Google Ireland Limited Ihren vollst\u00e4ndigen Namen, Ihre E-Mail-Adresse, Ihre Spracheinstellungen und Ihr Profilbild zu Authentifizierungszwecken an uns weitergeben. Indem Sie sich in Ihr Facebook-Konto einloggen, erkennen Sie an und stimmen zu, dass ifeel durch diese Art der Anmeldung Zugang zu bestimmten Informationen aus Ihrem Facebook-Konto erh\u00e4lt. F\u00fcr weitere Informationen lesen Sie bitte die Datenschutzbestimmungen von Google und Facebook.<\/span><\/p><h2><b>7. Wie lange wir Ihre pers\u00f6nlichen Daten aufbewahren<\/b><\/h2><p><span style=\"font-weight: 400\">Im Allgemeinen speichern wir die von uns \u00fcber Sie erfassten personenbezogenen Daten nicht l\u00e4nger, als es f\u00fcr die oben beschriebenen Zwecke erforderlich ist, in \u00dcbereinstimmung mit unseren rechtlichen Verpflichtungen und legitimen Gesch\u00e4ftsinteressen. Es kann jedoch sein, dass wir Ihre personenbezogenen Daten l\u00e4nger aufbewahren m\u00fcssen, wenn wir gesetzlich dazu verpflichtet sind. Nach Ablauf der Aufbewahrungsfrist werden alle personenbezogenen Daten gel\u00f6scht oder anonymisiert. Wir k\u00f6nnen alle von uns gesammelten personenbezogenen Daten anonymisieren und zusammenfassen (so dass sie Sie nicht direkt identifizieren). Wir k\u00f6nnen anonymisierte Informationen f\u00fcr Zwecke wie das Testen unserer IT-Systeme, Forschung, Datenanalyse, die Verbesserung der Plattform und unserer Anwendungen und die Entwicklung neuer Produkte und Funktionen verwenden.<\/span><\/p><h2><b>8. Empf\u00e4nger von pers\u00f6nlichen Informationen<\/b><\/h2><p><span style=\"font-weight: 400\">In einigen F\u00e4llen, nur wenn es notwendig ist, wird ifeel Nutzerdaten an Dritte weitergeben. Die Daten werden jedoch niemals verkauft. Externe Dienstleister (z.B. Hosting-Provider), mit denen ifeel zusammenarbeitet, k\u00f6nnen die Daten zur Erbringung der entsprechenden Dienstleistungen nutzen, werden diese Informationen aber nicht f\u00fcr eigene Zwecke verwenden oder an Dritte weitergeben. Ifeel ist bestrebt, die Sicherheit personenbezogener Daten zu gew\u00e4hrleisten, wenn diese au\u00dferhalb des Unternehmens \u00fcbermittelt werden, und stellt sicher, dass dritte Dienstleister die Vertraulichkeit wahren und angemessene Ma\u00dfnahmen zum Schutz personenbezogener Daten ergreifen. Diese Dritten sind verpflichtet, sicherzustellen, dass die Informationen in \u00dcbereinstimmung mit den Datenschutzbestimmungen verarbeitet werden. F\u00fcr die Erbringung professioneller Dienstleistungen k\u00f6nnen Ihre Daten \u00fcber die Plattform an professionelle Psychologen weitergegeben werden, mit denen ifeel eine Gesch\u00e4ftsbeziehung unterh\u00e4lt, um eine ordnungsgem\u00e4\u00dfe Erbringung und Betreuung der Dienstleistungen zu gew\u00e4hrleisten. In einigen F\u00e4llen kann die Weitergabe personenbezogener Daten an \u00f6ffentliche Stellen oder andere Parteien gesetzlich vorgeschrieben sein, wobei nur das weitergegeben wird, was f\u00fcr die Erf\u00fcllung dieser gesetzlichen Verpflichtungen unbedingt erforderlich ist. Sie wurden von ifeel gem\u00e4\u00df Artikel 28 der Verordnung als Unterauftragsverarbeiter benannt:<\/span><\/p><ul><li><span style=\"font-weight: 400\">i) Amazon Web Services: Unter anderem f\u00fcr die Bereitstellung von Infrastruktur- und Plattformdiensten, Rechenkapazit\u00e4t, Speicher- und Datenbankdiensten, Sicherheitsdiensten und technischen Wartungsdiensten, die wir f\u00fcr den Betrieb unserer L\u00f6sungen und damit f\u00fcr die Bereitstellung des Dienstes nutzen. Ihre Daten werden auf deren Servern in Irland (EU-West-1 Zone) gespeichert.<\/span><\/li><li><span style=\"font-weight: 400\">ii) Google Inc. (Gmail): Unter anderem f\u00fcr die Verwaltung und L\u00f6sung von technischen Problemen und die Kommunikation per E-Mail.<\/span><\/li><li><span style=\"font-weight: 400\">iii) Zoom Video Communications: Anbieter des Video-Chat-Dienstes auf der Plattform.<\/span><\/li><li><span style=\"font-weight: 400\">iv) Stripe und Paypal: Anbieter von Zahlungsdiensten.<\/span><\/li><\/ul><p>Die vollst\u00e4ndige und aktuelle Liste unserer Auftragsverarbeiter finden Sie in unserem Trust Center unter folgendem Link: https:\/\/trust.ifeelonline.com\/.<\/p><h2><b>9. Internationale Daten\u00fcbermittlung<\/b><\/h2><p><span style=\"font-weight: 400\">Die Daten, die wir von Ihnen erheben, k\u00f6nnen in Drittl\u00e4ndern verarbeitet werden, wie in Artikel 44 der DSGVO festgelegt. Einige Drittl\u00e4nder, wie die Vereinigten Staaten, haben derzeit keinen Angemessenheitsbeschluss der Europ\u00e4ischen Union gem\u00e4\u00df Artikel 45 der DSGVO erhalten, was bedeutet, dass Ihre Daten dort m\u00f6glicherweise nicht das gleiche Schutzniveau wie nach der DSGVO erhalten. Internationale Daten\u00fcbermittlungen erfolgen in der Regel auf der Grundlage vertraglicher oder anderer gesetzlich vorgesehener Regelungen, die einen angemessenen Schutz Ihrer Daten gew\u00e4hrleisten sollen und die Sie auf Anfrage einsehen k\u00f6nnen. Dabei st\u00fctzen wir uns auf die in Artikel 46 der Datenschutz-Grundverordnung (DSGVO) vorgesehenen Garantien oder gegebenenfalls auf die in Artikel 49 der DSGVO enthaltenen Bestimmungen. Wir und unsere Auftragsverarbeiter sind bestrebt, angemessene Sicherheitsvorkehrungen zum Schutz der Privatsph\u00e4re und der Sicherheit Ihrer personenbezogenen Daten zu treffen. Daher verarbeiten wir Ihre personenbezogenen Daten nur in \u00dcbereinstimmung mit den in unserer Datenschutzrichtlinie beschriebenen Praktiken.<\/span><\/p><h2><b>10. Aus\u00fcbung Ihrer pers\u00f6nlichen Rechte<\/b><\/h2><p><span style=\"font-weight: 400\">Nach der Datenschutz-Grundverordnung haben Sie bestimmte Rechte, wenn es um die Verarbeitung Ihrer personenbezogenen Daten durch uns geht:<\/span><\/p><ul><li style=\"font-weight: 400\"><span style=\"font-weight: 400\">Recht auf Information: Sie haben das Recht, klare, transparente und leicht verst\u00e4ndliche Informationen dar\u00fcber zu erhalten, wie wir Ihre personenbezogenen Daten verwenden und welche Rechte Sie haben.<\/span><\/li><li style=\"font-weight: 400\"><span style=\"font-weight: 400\">Auskunftsrecht: Sie haben das Recht, Auskunft \u00fcber Ihre personenbezogenen Daten zu erhalten.<\/span><\/li><li style=\"font-weight: 400\"><span style=\"font-weight: 400\">Recht auf Berichtigung: Sie haben das Recht, Ihre personenbezogenen Daten berichtigen zu lassen, wenn sie unrichtig oder unvollst\u00e4ndig sind.<\/span><\/li><li style=\"font-weight: 400\"><span style=\"font-weight: 400\">Recht auf L\u00f6schung: Mit diesem Recht k\u00f6nnen Sie die L\u00f6schung Ihrer personenbezogenen Daten verlangen, wenn es keinen zwingenden Grund f\u00fcr uns gibt, sie weiter zu verwenden. Es handelt sich nicht um ein absolutes Recht auf L\u00f6schung, und es gelten Ausnahmen.<\/span><\/li><li style=\"font-weight: 400\"><span style=\"font-weight: 400\">Recht auf Einschr\u00e4nkung der Verarbeitung: Sie haben das Recht, die weitere Verwendung Ihrer personenbezogenen Daten zu \u00abblockieren\u00bb oder zu l\u00f6schen. Wenn die Verarbeitung eingeschr\u00e4nkt wird, k\u00f6nnen wir Ihre personenbezogenen Daten weiterhin speichern, d\u00fcrfen sie aber nicht mehr verwenden.<\/span><\/li><li style=\"font-weight: 400\"><span style=\"font-weight: 400\">Recht auf Daten\u00fcbertragbarkeit: Sie haben das Recht, Ihre personenbezogenen Daten zu erhalten und f\u00fcr Ihre eigenen Zwecke in verschiedenen Diensten weiterzuverwenden.<\/span><\/li><li style=\"font-weight: 400\"><span style=\"font-weight: 400\">Recht auf Widerspruch gegen die Verarbeitung: Sie haben das Recht, gegen bestimmte Arten der Verarbeitung Widerspruch einzulegen.<\/span><\/li><li style=\"font-weight: 400\"><span style=\"font-weight: 400\">Recht auf Beschwerde: Sie haben das Recht, sich bei Ihrer nationalen Datenschutzbeh\u00f6rde \u00fcber die Art und Weise zu beschweren, wie wir Ihre personenbezogenen Daten behandeln oder verarbeiten.<\/span><\/li><li style=\"font-weight: 400\"><span style=\"font-weight: 400\">Recht auf Widerruf des Einverst\u00e4ndnisses: Wenn Sie Ihre Zustimmung zu allem gegeben haben, was wir mit Ihren personenbezogenen Daten tun, haben Sie das Recht, Ihre Zustimmung jederzeit zu widerrufen.<\/span><\/li><li style=\"font-weight: 400\"><span style=\"font-weight: 400\">Recht, keiner automatisierten Entscheidung unterworfen zu werden: Sie haben das Recht, keiner Entscheidung unterworfen zu werden, die ausschlie\u00dflich auf einer automatisierten Verarbeitung (einschlie\u00dflich Profiling) beruht und rechtliche (oder \u00e4hnlich wichtige) Auswirkungen f\u00fcr Sie hat.<\/span><\/li><\/ul><p><span style=\"font-weight: 400\">Sie k\u00f6nnen Ihre Mitteilungen und Rechte aus\u00fcben, indem Sie eine schriftliche Mitteilung an die folgende E-Mail-Adresse senden: dpo@ifeelonline.com. In einigen F\u00e4llen kann der Antrag abgelehnt werden, wenn die L\u00f6schung von Daten verlangt wird, die f\u00fcr die Erf\u00fcllung rechtlicher Verpflichtungen erforderlich sind.<\/span><\/p><h2><b>11. Verarbeitung von personenbezogenen Daten von Minderj\u00e4hrigen<\/b><\/h2><p><span style=\"font-weight: 400\">Im Prinzip richten sich unsere Dienste nicht speziell an Minderj\u00e4hrige. Sollten sie sich jedoch an Minderj\u00e4hrige unter vierzehn Jahren richten, verlangt ifeel gem\u00e4\u00df Artikel 8 der RGPD und Artikel 7 des LO 3\/2018 vom 5. Dezember (LOPDGDD) die g\u00fcltige, freie, unmissverst\u00e4ndliche, spezifische und informierte Zustimmung der Erziehungsberechtigten zur Verarbeitung der personenbezogenen Daten von Minderj\u00e4hrigen. In diesem Fall wird der Personalausweis oder eine andere Form der Identifizierung der Person, die die Einwilligung erteilt, verlangt. Bei Personen \u00fcber vierzehn Jahren k\u00f6nnen die Daten mit Zustimmung des Nutzers verarbeitet werden, au\u00dfer in den F\u00e4llen, in denen das Gesetz die Mitwirkung der Inhaber der elterlichen Gewalt oder der Vormundschaft vorschreibt.<\/span><\/p><h2><b>12. Sicherheitsma\u00dfnahmen bei der Verarbeitung Ihrer Daten<\/b><\/h2><p><span style=\"font-weight: 400\">Wir setzen Sicherheitsma\u00dfnahmen ein, um die Vertraulichkeit, Verf\u00fcgbarkeit und Widerstandsf\u00e4higkeit der Systeme zur Verarbeitung personenbezogener Daten zu gew\u00e4hrleisten. Wir f\u00fchren auch \u00dcberpr\u00fcfungs- und Evaluierungsprozesse der implementierten technischen und organisatorischen Ma\u00dfnahmen durch, um die Sicherheit der personenbezogenen Daten jederzeit zu gew\u00e4hrleisten.<\/span><\/p><h2><b>13. Audio- und Videoaufzeichnungen. Transkriptionen.<\/b><\/h2><p>Mit Ihrer ausdr\u00fccklichen Einwilligung kann ifeel Audio- und Videoaufzeichnungen Ihrer Gespr\u00e4che innerhalb der Plattform anfertigen. Diese Aufzeichnungen werden f\u00fcr folgende Zwecke verwendet: zur Verbesserung der Genauigkeit bei der Erstellung klinischer Notizen, um dir eine pers\u00f6nliche Zusammenfassung deiner Sitzung zur Verf\u00fcgung zu stellen, um optionale KI-basierte Funktionen zu erm\u00f6glichen, die deinen therapeutischen Prozess unterst\u00fctzen k\u00f6nnen (die dazu dienen, deine Beziehung zu deinem Therapeuten zu erg\u00e4nzen, nicht zu ersetzen), sowie f\u00fcr Qualit\u00e4tskontroll- und Schulungszwecke mit dem Ziel, unsere Dienstleistungen zu verbessern.<\/p><p>Zu den verarbeiteten Daten geh\u00f6ren Audio- und Videoaufzeichnungen Ihrer Sitzungen sowie gegebenenfalls die aus diesen Aufzeichnungen erstellten Transkripte.<\/p><p>Wir werden Sie stets um Ihre ausdr\u00fcckliche Einwilligung bitten, bevor wir mit einer Aufzeichnung beginnen. Diese Einwilligung wird einmalig eingeholt und bleibt g\u00fcltig, sofern Sie sie nicht widerrufen. Sie k\u00f6nnen Ihre Einwilligung jederzeit verweigern oder widerrufen, indem Sie sich an unseren Datenschutzbeauftragten unter dpo@ifeelonline.com wenden.<\/p><p>ifeel kann deine Aufzeichnungen und Transkripte an deinen Therapeuten, an unsere KI-Dienstleister (ausschlie\u00dflich zur Transkription und Funktionsverbesserung) sowie an Justizbeh\u00f6rden weitergeben, sofern dies gesetzlich vorgeschrieben ist. Wir setzen angemessene technische und organisatorische Ma\u00dfnahmen ein, um die Sicherheit und Vertraulichkeit deiner Aufzeichnungen zu gew\u00e4hrleisten, darunter Verschl\u00fcsselung, Zugriffskontrollen und regelm\u00e4\u00dfige Sicherheits\u00fcberpr\u00fcfungen.<\/p><p>Die Audio- und Videoaufzeichnungen werden nur so lange aufbewahrt, wie es zur Erf\u00fcllung der oben genannten Zwecke erforderlich ist oder wie es die geltenden Rechtsvorschriften vorschreiben.<\/p><h2><b>14. Informationen zur Nutzung von KI<\/b><\/h2><p>Bei ifeel setzen wir Technologien der k\u00fcnstlichen Intelligenz (KI) als Teil des therapeutischen Prozesses ein, beginnend mit dem ersten Gesundheitsfragebogen und fortgesetzt mit dem f\u00fcr die Erbringung unserer psychologischen Dienstleistungen erforderlichen Onboarding-Prozess. Dieser Prozess nutzt fortschrittliche KI-Tools, um die von den Nutzern \u00fcber die Frageb\u00f6gen bereitgestellten Daten deterministisch zu analysieren und relevante Muster und Risiken zu identifizieren. Die Ergebnisse dieser Analyse erm\u00f6glichen es uns, dem Nutzer die am besten geeignete Therapieform zuzuweisen, wodurch die Qualit\u00e4t der angebotenen Betreuung optimiert und eine individuellere Erfahrung geboten wird.<\/p><p>Es ist wichtig zu betonen, dass alle endg\u00fcltigen Entscheidungen \u00fcber die Zuweisung eines Therapeuten von unserem qualifizierten klinischen Team \u00fcberpr\u00fcft und validiert werden. Die KI dient lediglich als Unterst\u00fctzung f\u00fcr das menschliche Fachurteil, und es werden keine automatisierten Entscheidungen ohne die Aufsicht unseres klinischen Teams getroffen. Dies gew\u00e4hrleistet, dass die von der KI generierten Empfehlungen von unserem klinischen Team \u00fcberwacht und erg\u00e4nzt werden, wodurch ein ethischer und verantwortungsbewusster Ansatz bei der Erbringung unserer Dienstleistungen sichergestellt wird.<\/p><p>Mit der Registrierung auf unserer Plattform und dem Zugriff auf unsere Dienste erkl\u00e4ren Sie sich damit einverstanden, dass Ihre personenbezogenen Daten und Gesundheitsdaten mithilfe dieser technologischen Tools gem\u00e4\u00df den in unserer Datenschutzerkl\u00e4rung beschriebenen Zwecken verarbeitet werden. Die Verarbeitung Ihrer personenbezogenen Daten und Gesundheitsdaten durch unsere KI-L\u00f6sung erfolgt in \u00dcbereinstimmung mit der Datenschutz-Grundverordnung (DSGVO) und der Verordnung der Europ\u00e4ischen Union \u00fcber k\u00fcnstliche Intelligenz.<\/p><p>Die Verarbeitung Ihrer Daten mittels dieser Technologie basiert auf der Erbringung der vertraglich vereinbarten Dienstleistung im Zusammenhang mit dem Gesundheitsmanagement und ist durch verst\u00e4rkte technische und organisatorische Ma\u00dfnahmen angemessen gesch\u00fctzt. Wir verpflichten uns, sicherzustellen, dass unsere KI-Technologie ethisch, transparent und unter strikter Einhaltung der geltenden Vorschriften eingesetzt wird. Wir f\u00fchren regelm\u00e4\u00dfige Audits durch, um zu gew\u00e4hrleisten, dass das System fair, zuverl\u00e4ssig und unvoreingenommen funktioniert.<\/p><p>Wenn Sie Fragen zur Verwendung von k\u00fcnstlicher Intelligenz in unseren Diensten oder zur Verarbeitung Ihrer Daten haben, z\u00f6gern Sie bitte nicht, uns unter <b>dpo@ifeelonline.com<\/b> zu kontaktieren.<\/p><h2><b>15. \u00c4nderung der Datenschutzerkl\u00e4rung<\/b><\/h2><p>Diese Datenschutzerkl\u00e4rung kann ge\u00e4ndert werden. Wir empfehlen Ihnen, die Datenschutzerkl\u00e4rung regelm\u00e4\u00dfig zu \u00fcberpr\u00fcfen.<\/p>\t\t\t\t\t\t\t\t<\/div>\n\t\t\t\t<\/div>\n\t\t\t\t\t<\/div>\n\t\t\t\t<\/div>\n\t\t\t\t<\/div>\n\t\t\n    <div class=\"xs_social_share_widget xs_share_url after_content \t\tmain_content  wslu-style-1 wslu-share-box-shaped wslu-fill-colored wslu-none wslu-share-horizontal wslu-theme-font-no wslu-main_content\">\n\n\t\t\n        <ul>\n\t\t\t        <\/ul>\n    <\/div> \n","protected":false},"excerpt":{"rendered":"<p>\u00a0 Datenschutzrichtlinie Web-App Letzte Aktualisierung: 25\/03\/2026 1. Identifizierung der verantwortlichen Stelle Diese Datenschutzrichtlinie beschreibt, wie Ihre pers\u00f6nlichen Daten von Digital Mind Solutions, S.L.U. (im Folgenden \u00abifeel\u00ab) erfasst, verwendet und weitergegeben werden k\u00f6nnen und wie Sie darauf zugreifen k\u00f6nnen. Wir bei ifeel verpflichten uns, Ihre Privatsph\u00e4re zu sch\u00fctzen und zu respektieren. Ifeel arbeitet unter anderem in [&hellip;]<\/p>\n","protected":false},"author":48,"featured_media":0,"parent":0,"menu_order":0,"comment_status":"closed","ping_status":"closed","template":"","meta":{"content-type":"","postBodyCss":"","postBodyMargin":[],"postBodyPadding":[],"postBodyBackground":{"backgroundType":"classic","gradient":""},"footnotes":""},"class_list":["post-11695","page","type-page","status-publish","hentry"],"_links":{"self":[{"href":"https:\/\/ifeelonline.com\/de\/wp-json\/wp\/v2\/pages\/11695","targetHints":{"allow":["GET"]}}],"collection":[{"href":"https:\/\/ifeelonline.com\/de\/wp-json\/wp\/v2\/pages"}],"about":[{"href":"https:\/\/ifeelonline.com\/de\/wp-json\/wp\/v2\/types\/page"}],"author":[{"embeddable":true,"href":"https:\/\/ifeelonline.com\/de\/wp-json\/wp\/v2\/users\/48"}],"replies":[{"embeddable":true,"href":"https:\/\/ifeelonline.com\/de\/wp-json\/wp\/v2\/comments?post=11695"}],"version-history":[{"count":0,"href":"https:\/\/ifeelonline.com\/de\/wp-json\/wp\/v2\/pages\/11695\/revisions"}],"wp:attachment":[{"href":"https:\/\/ifeelonline.com\/de\/wp-json\/wp\/v2\/media?parent=11695"}],"curies":[{"name":"wp","href":"https:\/\/api.w.org\/{rel}","templated":true}]}}